{"id":4453,"date":"2023-07-13T09:25:11","date_gmt":"2023-07-13T07:25:11","guid":{"rendered":"https:\/\/www.jeunessesmusicales.be\/bruxelles\/?page_id=4453"},"modified":"2025-08-09T18:38:34","modified_gmt":"2025-08-09T16:38:34","slug":"sorties-scolaires-musee-charlier","status":"publish","type":"page","link":"https:\/\/www.jeunessesmusicales.be\/bruxelles\/sorties-scolaires\/sorties-scolaires-musee-charlier\/","title":{"rendered":"Sorties scolaires @Mus\u00e9e Charlier"},"content":{"rendered":"<p style=\"text-align: justify;\">Les Jeunesses Musicales de Bruxelles et le Mus\u00e9e Charlier travaillent en collaboration depuis de nombreuses ann\u00e9es pour offrir aux \u00e9l\u00e8ves de la commune de Saint-Josse des spectacles de qualit\u00e9 qui font le bonheur des petits et des grands.<\/p>\n<p style=\"text-align: justify;\">Une s\u00e9rie de concerts des Jeunesses Musicales sont programm\u00e9s chaque saison au Mus\u00e9e. La programmation est choisie pour qu\u2019une grande vari\u00e9t\u00e9 de styles et de cultures musicaux soient pr\u00e9sent\u00e9s.<\/p>\n<p>&nbsp;<\/p>\n<p><a rel=\"fancybox[4453]\" href=\"https:\/\/www.jeunessesmusicales.be\/bruxelles\/le-ba-ya-trio-pas-de-trois-musee-charlier\/\" target=\"_blank\" rel=\"noopener\"><img loading=\"lazy\" decoding=\"async\" class=\"wp-image-11655 size-full alignnone\" src=\"https:\/\/www.jeunessesmusicales.be\/bruxelles\/wp-content\/uploads\/sites\/7\/2025\/12\/Ba-ya-Charlier-scolaire.png\" alt=\"\" width=\"300\" height=\"271\" \/ class=\"fancybox\" srcset=\"https:\/\/www.jeunessesmusicales.be\/bruxelles\/wp-content\/uploads\/sites\/7\/2025\/12\/Ba-ya-Charlier-scolaire.png 300w, https:\/\/www.jeunessesmusicales.be\/bruxelles\/wp-content\/uploads\/sites\/7\/2025\/12\/Ba-ya-Charlier-scolaire-116x105.png 116w\" sizes=\"auto, (max-width: 300px) 100vw, 300px\" \/><\/a><a rel=\"fancybox[4453]\" href=\"https:\/\/www.jeunessesmusicales.be\/bruxelles\/victor-somma-minimal-dreams-musee-charlier\/\" target=\"_blank\" rel=\"noopener\"><img loading=\"lazy\" decoding=\"async\" class=\"alignnone wp-image-11650 size-full\" src=\"https:\/\/www.jeunessesmusicales.be\/bruxelles\/wp-content\/uploads\/sites\/7\/2025\/08\/Victor-Somma-Charlier-scolaire.png\" alt=\"\" width=\"300\" height=\"271\" \/ class=\"fancybox\" srcset=\"https:\/\/www.jeunessesmusicales.be\/bruxelles\/wp-content\/uploads\/sites\/7\/2025\/08\/Victor-Somma-Charlier-scolaire.png 300w, https:\/\/www.jeunessesmusicales.be\/bruxelles\/wp-content\/uploads\/sites\/7\/2025\/08\/Victor-Somma-Charlier-scolaire-116x105.png 116w\" sizes=\"auto, (max-width: 300px) 100vw, 300px\" \/><\/a><\/p>\n<p><a rel=\"fancybox[4453]\" href=\"https:\/\/www.jeunessesmusicales.be\/bruxelles\/les-grandes-moustaches-musiques-bavardes-musee-charlier\/\" target=\"_blank\" rel=\"noopener\"><img loading=\"lazy\" decoding=\"async\" class=\"wp-image-11656 size-full alignnone\" src=\"https:\/\/www.jeunessesmusicales.be\/bruxelles\/wp-content\/uploads\/sites\/7\/2025\/12\/Grandes-moustaches-Charlier-scolaire.png\" alt=\"\" width=\"300\" height=\"271\" \/ class=\"fancybox\" srcset=\"https:\/\/www.jeunessesmusicales.be\/bruxelles\/wp-content\/uploads\/sites\/7\/2025\/12\/Grandes-moustaches-Charlier-scolaire.png 300w, https:\/\/www.jeunessesmusicales.be\/bruxelles\/wp-content\/uploads\/sites\/7\/2025\/12\/Grandes-moustaches-Charlier-scolaire-116x105.png 116w\" sizes=\"auto, (max-width: 300px) 100vw, 300px\" \/><\/a><a rel=\"fancybox[4453]\" href=\"https:\/\/www.jeunessesmusicales.be\/bruxelles\/entre-2-silences-musee-charlier\/\" target=\"_blank\" rel=\"noopener\"><img loading=\"lazy\" decoding=\"async\" class=\"alignnone wp-image-11658 size-full\" src=\"https:\/\/www.jeunessesmusicales.be\/bruxelles\/wp-content\/uploads\/sites\/7\/2025\/08\/Entre-2-silences-charlier-scolaire.png\" alt=\"\" width=\"300\" height=\"271\" \/ class=\"fancybox\" srcset=\"https:\/\/www.jeunessesmusicales.be\/bruxelles\/wp-content\/uploads\/sites\/7\/2025\/08\/Entre-2-silences-charlier-scolaire.png 300w, https:\/\/www.jeunessesmusicales.be\/bruxelles\/wp-content\/uploads\/sites\/7\/2025\/08\/Entre-2-silences-charlier-scolaire-116x105.png 116w\" sizes=\"auto, (max-width: 300px) 100vw, 300px\" \/><\/a><\/p>\n<p><a rel=\"fancybox[4453]\" href=\"https:\/\/www.jeunessesmusicales.be\/bruxelles\/zouratie-kone-waati-musee-charlier\/\" target=\"_blank\" rel=\"noopener\"><img loading=\"lazy\" decoding=\"async\" class=\"alignnone wp-image-11661 size-full\" src=\"https:\/\/www.jeunessesmusicales.be\/bruxelles\/wp-content\/uploads\/sites\/7\/2025\/08\/Zouratie-Charlier-scolaire.png\" alt=\"\" width=\"300\" height=\"271\" \/ class=\"fancybox\" srcset=\"https:\/\/www.jeunessesmusicales.be\/bruxelles\/wp-content\/uploads\/sites\/7\/2025\/08\/Zouratie-Charlier-scolaire.png 300w, https:\/\/www.jeunessesmusicales.be\/bruxelles\/wp-content\/uploads\/sites\/7\/2025\/08\/Zouratie-Charlier-scolaire-116x105.png 116w\" sizes=\"auto, (max-width: 300px) 100vw, 300px\" \/><\/a><a rel=\"fancybox[4453]\" href=\"https:\/\/www.jeunessesmusicales.be\/bruxelles\/piwi-leman-le-ptit-bal-des-orignals-musee-charlier\/\" target=\"_blank\" rel=\"noopener\"><img loading=\"lazy\" decoding=\"async\" class=\"wp-image-11664 size-full alignnone\" src=\"https:\/\/www.jeunessesmusicales.be\/bruxelles\/wp-content\/uploads\/sites\/7\/2025\/08\/Piwi-Charlier-scolaire.png\" alt=\"\" width=\"300\" height=\"271\" \/ class=\"fancybox\" srcset=\"https:\/\/www.jeunessesmusicales.be\/bruxelles\/wp-content\/uploads\/sites\/7\/2025\/08\/Piwi-Charlier-scolaire.png 300w, https:\/\/www.jeunessesmusicales.be\/bruxelles\/wp-content\/uploads\/sites\/7\/2025\/08\/Piwi-Charlier-scolaire-116x105.png 116w\" sizes=\"auto, (max-width: 300px) 100vw, 300px\" \/><\/a><\/p>\n<p>&nbsp;<\/p>\n<p>&nbsp;<\/p>\n<p style=\"text-align: right;\">En partenariat avec :<\/p>\n<p style=\"text-align: right;\"><a rel=\"fancybox[4453]\" href=\"http:\/\/www.charliermuseum.be\/fr\/\" target=\"_blank\" rel=\"noopener\"><img loading=\"lazy\" decoding=\"async\" class=\"alignright wp-image-8541\" src=\"https:\/\/www.jeunessesmusicales.be\/bruxelles\/wp-content\/uploads\/sites\/7\/2022\/08\/Muse\u0301e_Charlier_logo-removebg-preview-300x109.png\" alt=\"\" width=\"97\" height=\"35\" \/ class=\"fancybox\" srcset=\"https:\/\/www.jeunessesmusicales.be\/bruxelles\/wp-content\/uploads\/sites\/7\/2022\/08\/Muse\u0301e_Charlier_logo-removebg-preview-300x109.png 300w, https:\/\/www.jeunessesmusicales.be\/bruxelles\/wp-content\/uploads\/sites\/7\/2022\/08\/Muse\u0301e_Charlier_logo-removebg-preview-150x54.png 150w, https:\/\/www.jeunessesmusicales.be\/bruxelles\/wp-content\/uploads\/sites\/7\/2022\/08\/Muse\u0301e_Charlier_logo-removebg-preview.png 763w\" sizes=\"auto, (max-width: 97px) 100vw, 97px\" \/><\/a><\/p>\n","protected":false},"excerpt":{"rendered":"<p>Les Jeunesses Musicales de Bruxelles et le Mus\u00e9e Charlier travaillent en collaboration depuis de nombreuses ann\u00e9es pour offrir aux \u00e9l\u00e8ves &hellip; <a href=\"https:\/\/www.jeunessesmusicales.be\/bruxelles\/sorties-scolaires\/sorties-scolaires-musee-charlier\/\" class=\"more-link\">Continue reading <span class=\"screen-reader-text\">Sorties scolaires @Mus\u00e9e Charlier<\/span><\/a><\/p>\n","protected":false},"author":38,"featured_media":0,"parent":120,"menu_order":0,"comment_status":"closed","ping_status":"closed","template":"","meta":{"_acf_changed":false,"footnotes":""},"class_list":["post-4453","page","type-page","status-publish","hentry"],"acf":[],"aioseo_notices":[],"aioseo_head":"\n\t\t<!-- All in One SEO 5.0.0.1 - aioseo.com -->\n\t<meta name=\"description\" content=\"Les Jeunesses Musicales de Bruxelles et le Mus\u00e9e Charlier travaillent en collaboration depuis de nombreuses ann\u00e9es pour offrir aux \u00e9l\u00e8ves de la commune de Saint-Josse des spectacles de qualit\u00e9 qui font le bonheur des petits et des grands. Une s\u00e9rie de concerts des Jeunesses Musicales sont programm\u00e9s chaque saison au Mus\u00e9e. La programmation est choisie\" \/>\n\t<meta name=\"robots\" content=\"max-image-preview:large\" \/>\n\t<link rel=\"canonical\" href=\"https:\/\/www.jeunessesmusicales.be\/bruxelles\/sorties-scolaires\/sorties-scolaires-musee-charlier\/\" \/>\n\t<meta name=\"generator\" content=\"All in One SEO (AIOSEO) 5.0.0.1\" \/>\n\t\t<meta property=\"og:locale\" content=\"fr_FR\" \/>\n\t\t<meta property=\"og:site_name\" content=\"Jeunesses Musicales Bruxelles - Le site des Jeunesses Musicales de Bruxelles\" \/>\n\t\t<meta property=\"og:type\" content=\"article\" \/>\n\t\t<meta property=\"og:title\" content=\"Sorties scolaires @Mus\u00e9e Charlier - Jeunesses Musicales Bruxelles\" \/>\n\t\t<meta property=\"og:description\" content=\"Les Jeunesses Musicales de Bruxelles et le Mus\u00e9e Charlier travaillent en collaboration depuis de nombreuses ann\u00e9es pour offrir aux \u00e9l\u00e8ves de la commune de Saint-Josse des spectacles de qualit\u00e9 qui font le bonheur des petits et des grands. Une s\u00e9rie de concerts des Jeunesses Musicales sont programm\u00e9s chaque saison au Mus\u00e9e. La programmation est choisie\" \/>\n\t\t<meta property=\"og:url\" content=\"https:\/\/www.jeunessesmusicales.be\/bruxelles\/sorties-scolaires\/sorties-scolaires-musee-charlier\/\" \/>\n\t\t<meta property=\"article:published_time\" content=\"2023-07-13T07:25:11+00:00\" \/>\n\t\t<meta property=\"article:modified_time\" content=\"2025-08-09T16:38:34+00:00\" \/>\n\t\t<meta name=\"twitter:card\" content=\"summary\" \/>\n\t\t<meta name=\"twitter:title\" content=\"Sorties scolaires @Mus\u00e9e Charlier - Jeunesses Musicales Bruxelles\" \/>\n\t\t<meta name=\"twitter:description\" content=\"Les Jeunesses Musicales de Bruxelles et le Mus\u00e9e Charlier travaillent en collaboration depuis de nombreuses ann\u00e9es pour offrir aux \u00e9l\u00e8ves de la commune de Saint-Josse des spectacles de qualit\u00e9 qui font le bonheur des petits et des grands. Une s\u00e9rie de concerts des Jeunesses Musicales sont programm\u00e9s chaque saison au Mus\u00e9e. La programmation est choisie\" \/>\n\t\t<script type=\"application\/ld+json\" class=\"aioseo-schema\">\n\t\t\t{\"@context\":\"https:\\\/\\\/schema.org\",\"@graph\":[{\"@type\":\"BreadcrumbList\",\"@id\":\"https:\\\/\\\/www.jeunessesmusicales.be\\\/bruxelles\\\/sorties-scolaires\\\/sorties-scolaires-musee-charlier\\\/#breadcrumblist\",\"itemListElement\":[{\"@type\":\"ListItem\",\"@id\":\"https:\\\/\\\/www.jeunessesmusicales.be\\\/bruxelles#listItem\",\"position\":1,\"name\":\"Home\",\"item\":\"https:\\\/\\\/www.jeunessesmusicales.be\\\/bruxelles\",\"nextItem\":{\"@type\":\"ListItem\",\"@id\":\"https:\\\/\\\/www.jeunessesmusicales.be\\\/bruxelles\\\/sorties-scolaires\\\/#listItem\",\"name\":\"Sorties scolaires\"}},{\"@type\":\"ListItem\",\"@id\":\"https:\\\/\\\/www.jeunessesmusicales.be\\\/bruxelles\\\/sorties-scolaires\\\/#listItem\",\"position\":2,\"name\":\"Sorties scolaires\",\"item\":\"https:\\\/\\\/www.jeunessesmusicales.be\\\/bruxelles\\\/sorties-scolaires\\\/\",\"nextItem\":{\"@type\":\"ListItem\",\"@id\":\"https:\\\/\\\/www.jeunessesmusicales.be\\\/bruxelles\\\/sorties-scolaires\\\/sorties-scolaires-musee-charlier\\\/#listItem\",\"name\":\"Sorties scolaires @Mus\\u00e9e Charlier\"},\"previousItem\":{\"@type\":\"ListItem\",\"@id\":\"https:\\\/\\\/www.jeunessesmusicales.be\\\/bruxelles#listItem\",\"name\":\"Home\"}},{\"@type\":\"ListItem\",\"@id\":\"https:\\\/\\\/www.jeunessesmusicales.be\\\/bruxelles\\\/sorties-scolaires\\\/sorties-scolaires-musee-charlier\\\/#listItem\",\"position\":3,\"name\":\"Sorties scolaires @Mus\\u00e9e Charlier\",\"previousItem\":{\"@type\":\"ListItem\",\"@id\":\"https:\\\/\\\/www.jeunessesmusicales.be\\\/bruxelles\\\/sorties-scolaires\\\/#listItem\",\"name\":\"Sorties scolaires\"}}]},{\"@type\":\"Organization\",\"@id\":\"https:\\\/\\\/www.jeunessesmusicales.be\\\/bruxelles\\\/#organization\",\"name\":\"Jeunesses Musicales Bruxelles\",\"description\":\"Le site des Jeunesses Musicales de Bruxelles\",\"url\":\"https:\\\/\\\/www.jeunessesmusicales.be\\\/bruxelles\\\/\"},{\"@type\":\"WebPage\",\"@id\":\"https:\\\/\\\/www.jeunessesmusicales.be\\\/bruxelles\\\/sorties-scolaires\\\/sorties-scolaires-musee-charlier\\\/#webpage\",\"url\":\"https:\\\/\\\/www.jeunessesmusicales.be\\\/bruxelles\\\/sorties-scolaires\\\/sorties-scolaires-musee-charlier\\\/\",\"name\":\"Sorties scolaires @Mus\\u00e9e Charlier - Jeunesses Musicales Bruxelles\",\"description\":\"Les Jeunesses Musicales de Bruxelles et le Mus\\u00e9e Charlier travaillent en collaboration depuis de nombreuses ann\\u00e9es pour offrir aux \\u00e9l\\u00e8ves de la commune de Saint-Josse des spectacles de qualit\\u00e9 qui font le bonheur des petits et des grands. Une s\\u00e9rie de concerts des Jeunesses Musicales sont programm\\u00e9s chaque saison au Mus\\u00e9e. La programmation est choisie\",\"inLanguage\":\"fr-FR\",\"isPartOf\":{\"@id\":\"https:\\\/\\\/www.jeunessesmusicales.be\\\/bruxelles\\\/#website\"},\"breadcrumb\":{\"@id\":\"https:\\\/\\\/www.jeunessesmusicales.be\\\/bruxelles\\\/sorties-scolaires\\\/sorties-scolaires-musee-charlier\\\/#breadcrumblist\"},\"datePublished\":\"2023-07-13T09:25:11+02:00\",\"dateModified\":\"2025-08-09T18:38:34+02:00\"},{\"@type\":\"WebSite\",\"@id\":\"https:\\\/\\\/www.jeunessesmusicales.be\\\/bruxelles\\\/#website\",\"url\":\"https:\\\/\\\/www.jeunessesmusicales.be\\\/bruxelles\\\/\",\"name\":\"Jeunesses Musicales Bruxelles\",\"description\":\"Le site des Jeunesses Musicales de Bruxelles\",\"inLanguage\":\"fr-FR\",\"publisher\":{\"@id\":\"https:\\\/\\\/www.jeunessesmusicales.be\\\/bruxelles\\\/#organization\"}}]}\n\t\t<\/script>\n\t\t<!-- All in One SEO -->\n\n","aioseo_head_json":{"title":"Sorties scolaires @Mus\u00e9e Charlier - Jeunesses Musicales Bruxelles","description":"Les Jeunesses Musicales de Bruxelles et le Mus\u00e9e Charlier travaillent en collaboration depuis de nombreuses ann\u00e9es pour offrir aux \u00e9l\u00e8ves de la commune de Saint-Josse des spectacles de qualit\u00e9 qui font le bonheur des petits et des grands. Une s\u00e9rie de concerts des Jeunesses Musicales sont programm\u00e9s chaque saison au Mus\u00e9e. La programmation est choisie","canonical_url":"https:\/\/www.jeunessesmusicales.be\/bruxelles\/sorties-scolaires\/sorties-scolaires-musee-charlier\/","robots":"max-image-preview:large","keywords":"","webmasterTools":{"miscellaneous":""},"schema":{"@context":"https:\/\/schema.org","@graph":[{"@type":"BreadcrumbList","@id":"https:\/\/www.jeunessesmusicales.be\/bruxelles\/sorties-scolaires\/sorties-scolaires-musee-charlier\/#breadcrumblist","itemListElement":[{"@type":"ListItem","@id":"https:\/\/www.jeunessesmusicales.be\/bruxelles#listItem","position":1,"name":"Home","item":"https:\/\/www.jeunessesmusicales.be\/bruxelles","nextItem":{"@type":"ListItem","@id":"https:\/\/www.jeunessesmusicales.be\/bruxelles\/sorties-scolaires\/#listItem","name":"Sorties scolaires"}},{"@type":"ListItem","@id":"https:\/\/www.jeunessesmusicales.be\/bruxelles\/sorties-scolaires\/#listItem","position":2,"name":"Sorties scolaires","item":"https:\/\/www.jeunessesmusicales.be\/bruxelles\/sorties-scolaires\/","nextItem":{"@type":"ListItem","@id":"https:\/\/www.jeunessesmusicales.be\/bruxelles\/sorties-scolaires\/sorties-scolaires-musee-charlier\/#listItem","name":"Sorties scolaires @Mus\u00e9e Charlier"},"previousItem":{"@type":"ListItem","@id":"https:\/\/www.jeunessesmusicales.be\/bruxelles#listItem","name":"Home"}},{"@type":"ListItem","@id":"https:\/\/www.jeunessesmusicales.be\/bruxelles\/sorties-scolaires\/sorties-scolaires-musee-charlier\/#listItem","position":3,"name":"Sorties scolaires @Mus\u00e9e Charlier","previousItem":{"@type":"ListItem","@id":"https:\/\/www.jeunessesmusicales.be\/bruxelles\/sorties-scolaires\/#listItem","name":"Sorties scolaires"}}]},{"@type":"Organization","@id":"https:\/\/www.jeunessesmusicales.be\/bruxelles\/#organization","name":"Jeunesses Musicales Bruxelles","description":"Le site des Jeunesses Musicales de Bruxelles","url":"https:\/\/www.jeunessesmusicales.be\/bruxelles\/"},{"@type":"WebPage","@id":"https:\/\/www.jeunessesmusicales.be\/bruxelles\/sorties-scolaires\/sorties-scolaires-musee-charlier\/#webpage","url":"https:\/\/www.jeunessesmusicales.be\/bruxelles\/sorties-scolaires\/sorties-scolaires-musee-charlier\/","name":"Sorties scolaires @Mus\u00e9e Charlier - Jeunesses Musicales Bruxelles","description":"Les Jeunesses Musicales de Bruxelles et le Mus\u00e9e Charlier travaillent en collaboration depuis de nombreuses ann\u00e9es pour offrir aux \u00e9l\u00e8ves de la commune de Saint-Josse des spectacles de qualit\u00e9 qui font le bonheur des petits et des grands. Une s\u00e9rie de concerts des Jeunesses Musicales sont programm\u00e9s chaque saison au Mus\u00e9e. La programmation est choisie","inLanguage":"fr-FR","isPartOf":{"@id":"https:\/\/www.jeunessesmusicales.be\/bruxelles\/#website"},"breadcrumb":{"@id":"https:\/\/www.jeunessesmusicales.be\/bruxelles\/sorties-scolaires\/sorties-scolaires-musee-charlier\/#breadcrumblist"},"datePublished":"2023-07-13T09:25:11+02:00","dateModified":"2025-08-09T18:38:34+02:00"},{"@type":"WebSite","@id":"https:\/\/www.jeunessesmusicales.be\/bruxelles\/#website","url":"https:\/\/www.jeunessesmusicales.be\/bruxelles\/","name":"Jeunesses Musicales Bruxelles","description":"Le site des Jeunesses Musicales de Bruxelles","inLanguage":"fr-FR","publisher":{"@id":"https:\/\/www.jeunessesmusicales.be\/bruxelles\/#organization"}}]},"og:locale":"fr_FR","og:site_name":"Jeunesses Musicales Bruxelles - Le site des Jeunesses Musicales de Bruxelles","og:type":"article","og:title":"Sorties scolaires @Mus\u00e9e Charlier - Jeunesses Musicales Bruxelles","og:description":"Les Jeunesses Musicales de Bruxelles et le Mus\u00e9e Charlier travaillent en collaboration depuis de nombreuses ann\u00e9es pour offrir aux \u00e9l\u00e8ves de la commune de Saint-Josse des spectacles de qualit\u00e9 qui font le bonheur des petits et des grands. Une s\u00e9rie de concerts des Jeunesses Musicales sont programm\u00e9s chaque saison au Mus\u00e9e. La programmation est choisie","og:url":"https:\/\/www.jeunessesmusicales.be\/bruxelles\/sorties-scolaires\/sorties-scolaires-musee-charlier\/","article:published_time":"2023-07-13T07:25:11+00:00","article:modified_time":"2025-08-09T16:38:34+00:00","twitter:card":"summary","twitter:title":"Sorties scolaires @Mus\u00e9e Charlier - Jeunesses Musicales Bruxelles","twitter:description":"Les Jeunesses Musicales de Bruxelles et le Mus\u00e9e Charlier travaillent en collaboration depuis de nombreuses ann\u00e9es pour offrir aux \u00e9l\u00e8ves de la commune de Saint-Josse des spectacles de qualit\u00e9 qui font le bonheur des petits et des grands. Une s\u00e9rie de concerts des Jeunesses Musicales sont programm\u00e9s chaque saison au Mus\u00e9e. La programmation est choisie"},"aioseo_meta_data":{"post_id":"4453","title":null,"description":null,"keywords":null,"keyphrases":{"focus":[],"additional":[]},"primary_term":null,"canonical_url":null,"og_title":null,"og_description":null,"og_object_type":"default","og_image_type":"default","og_image_url":null,"og_image_width":null,"og_image_height":null,"og_image_custom_url":null,"og_image_custom_fields":null,"og_video":"","og_custom_url":null,"og_article_section":null,"og_article_tags":null,"twitter_use_og":false,"twitter_card":"default","twitter_image_type":"default","twitter_image_url":null,"twitter_image_custom_url":null,"twitter_image_custom_fields":null,"twitter_title":null,"twitter_description":null,"schema":{"blockGraphs":[],"customGraphs":[],"default":{"data":{"Article":[],"Course":[],"Dataset":[],"FAQPage":[],"Movie":[],"Person":[],"Product":[],"ProductReview":[],"Car":[],"Recipe":[],"Service":[],"SoftwareApplication":[],"WebPage":{"id":"#aioseo-web-page-64a7d4681c460","slug":"web-page","graphName":"WebPage","label":"Page Web","properties":{"type":"WebPage","name":"","description":""}}},"graphName":"WebPage","isEnabled":true},"graphs":[]},"schema_type":"default","schema_type_options":"{\"article\":{\"articleType\":\"BlogPosting\"},\"course\":{\"name\":\"\",\"description\":\"\",\"provider\":\"\"},\"faq\":{\"pages\":[]},\"product\":{\"reviews\":[]},\"recipe\":{\"ingredients\":[],\"instructions\":[],\"keywords\":[]},\"software\":{\"reviews\":[],\"operatingSystems\":[]},\"webPage\":{\"webPageType\":\"WebPage\"}}","pillar_content":false,"robots_default":true,"robots_noindex":false,"robots_noarchive":false,"robots_nosnippet":false,"robots_nofollow":false,"robots_noimageindex":false,"robots_noodp":false,"robots_notranslate":false,"robots_max_snippet":"-1","robots_max_videopreview":"-1","robots_max_imagepreview":"large","priority":null,"frequency":"default","local_seo":null,"breadcrumb_settings":null,"limit_modified_date":false,"ai":null,"created":"2022-08-04 09:35:39","updated":"2026-08-21 08:27:06","focus_keyword":null,"additional_keywords":null,"truseo_locale":null,"seo_analyzer_scan_date":null},"aioseo_breadcrumb":"<div class=\"aioseo-breadcrumbs\"><span class=\"aioseo-breadcrumb\">\n\t\t\t<a href=\"https:\/\/www.jeunessesmusicales.be\/bruxelles\" title=\"Home\">Home<\/a>\n\t\t<\/span><span class=\"aioseo-breadcrumb-separator\">&raquo;<\/span><span class=\"aioseo-breadcrumb\">\n\t\t\t<a href=\"https:\/\/www.jeunessesmusicales.be\/bruxelles\/sorties-scolaires\/\" title=\"Sorties scolaires\">Sorties scolaires<\/a>\n\t\t<\/span><span class=\"aioseo-breadcrumb-separator\">&raquo;<\/span><span class=\"aioseo-breadcrumb\">\n\t\t\tSorties scolaires @Mus\u00e9e Charlier\n\t\t<\/span><\/div>","aioseo_breadcrumb_json":[{"label":"Home","link":"https:\/\/www.jeunessesmusicales.be\/bruxelles"},{"label":"Sorties scolaires","link":"https:\/\/www.jeunessesmusicales.be\/bruxelles\/sorties-scolaires\/"},{"label":"Sorties scolaires @Mus\u00e9e Charlier","link":"https:\/\/www.jeunessesmusicales.be\/bruxelles\/sorties-scolaires\/sorties-scolaires-musee-charlier\/"}],"_links":{"self":[{"href":"https:\/\/www.jeunessesmusicales.be\/bruxelles\/wp-json\/wp\/v2\/pages\/4453","targetHints":{"allow":["GET"]}}],"collection":[{"href":"https:\/\/www.jeunessesmusicales.be\/bruxelles\/wp-json\/wp\/v2\/pages"}],"about":[{"href":"https:\/\/www.jeunessesmusicales.be\/bruxelles\/wp-json\/wp\/v2\/types\/page"}],"author":[{"embeddable":true,"href":"https:\/\/www.jeunessesmusicales.be\/bruxelles\/wp-json\/wp\/v2\/users\/38"}],"replies":[{"embeddable":true,"href":"https:\/\/www.jeunessesmusicales.be\/bruxelles\/wp-json\/wp\/v2\/comments?post=4453"}],"version-history":[{"count":46,"href":"https:\/\/www.jeunessesmusicales.be\/bruxelles\/wp-json\/wp\/v2\/pages\/4453\/revisions"}],"predecessor-version":[{"id":11669,"href":"https:\/\/www.jeunessesmusicales.be\/bruxelles\/wp-json\/wp\/v2\/pages\/4453\/revisions\/11669"}],"up":[{"embeddable":true,"href":"https:\/\/www.jeunessesmusicales.be\/bruxelles\/wp-json\/wp\/v2\/pages\/120"}],"wp:attachment":[{"href":"https:\/\/www.jeunessesmusicales.be\/bruxelles\/wp-json\/wp\/v2\/media?parent=4453"}],"curies":[{"name":"wp","href":"https:\/\/api.w.org\/{rel}","templated":true}]}}