{"id":54,"date":"2023-07-13T09:43:08","date_gmt":"2023-07-13T07:43:08","guid":{"rendered":"http:\/\/www.jeunessesmusicales.be\/bruxelles\/?page_id=54"},"modified":"2025-08-26T14:23:27","modified_gmt":"2025-08-26T12:23:27","slug":"ateliers-musicaux-a-lecole","status":"publish","type":"page","link":"https:\/\/www.jeunessesmusicales.be\/bruxelles\/ateliers-musicaux-a-lecole\/","title":{"rendered":"ATELIERS MUSICAUX \u00c0 L&rsquo;\u00c9COLE"},"content":{"rendered":"<p style=\"text-align: left;\"><a rel=\"fancybox[54]\" href=\"https:\/\/www.jeunessesmusicales.be\/bruxelles\/wp-content\/uploads\/sites\/7\/2024\/08\/IMG_7249.jpeg\" class=\"fancybox\"><img loading=\"lazy\" decoding=\"async\" class=\"wp-image-11126 size-medium alignright\" src=\"https:\/\/www.jeunessesmusicales.be\/bruxelles\/wp-content\/uploads\/sites\/7\/2024\/08\/IMG_7249-300x251.jpeg\" alt=\"\" width=\"300\" height=\"251\" srcset=\"https:\/\/www.jeunessesmusicales.be\/bruxelles\/wp-content\/uploads\/sites\/7\/2024\/08\/IMG_7249-300x251.jpeg 300w, https:\/\/www.jeunessesmusicales.be\/bruxelles\/wp-content\/uploads\/sites\/7\/2024\/08\/IMG_7249-1024x858.jpeg 1024w, https:\/\/www.jeunessesmusicales.be\/bruxelles\/wp-content\/uploads\/sites\/7\/2024\/08\/IMG_7249-768x644.jpeg 768w, https:\/\/www.jeunessesmusicales.be\/bruxelles\/wp-content\/uploads\/sites\/7\/2024\/08\/IMG_7249-1536x1287.jpeg 1536w, https:\/\/www.jeunessesmusicales.be\/bruxelles\/wp-content\/uploads\/sites\/7\/2024\/08\/IMG_7249-125x105.jpeg 125w, https:\/\/www.jeunessesmusicales.be\/bruxelles\/wp-content\/uploads\/sites\/7\/2024\/08\/IMG_7249.jpeg 1920w\" sizes=\"auto, (max-width: 300px) 100vw, 300px\" \/><\/a>Les Jeunesses Musicales de Bruxelles vous proposent diff\u00e9rents ateliers musicaux adapt\u00e9s aux \u00e2ges, niveaux et app\u00e9tences des enfants, des jeunes et des personnes qui travaillent \u00e0 leur contact.<\/p>\n<p style=\"text-align: left;\">La musique constitue un outil irrempla\u00e7able dans l\u2019\u00e9ducation de l\u2019enfant : elle favorise son \u00e9panouissement global en d\u00e9veloppant aussi bien sa sensibilit\u00e9 que la perception qu\u2019il a des autres et de lui-m\u00eame, sa capacit\u00e9 de concentration, sa sociabilit\u00e9, son habilit\u00e9 psychomotrice, sa cr\u00e9ativit\u00e9, sa confiance en lui, son sens critique, dans un esprit positif et non normatif.<\/p>\n<p>&nbsp;<\/p>\n<p><strong><a rel=\"fancybox[54]\" href=\"https:\/\/www.jeunessesmusicales.be\/bruxelles\/wp-content\/uploads\/sites\/7\/2024\/08\/ATELIER-MAI-2024-04.jpg\" class=\"fancybox\"><img loading=\"lazy\" decoding=\"async\" class=\"alignleft wp-image-11127 \" src=\"https:\/\/www.jeunessesmusicales.be\/bruxelles\/wp-content\/uploads\/sites\/7\/2024\/08\/ATELIER-MAI-2024-04-300x192.jpg\" alt=\"\" width=\"333\" height=\"213\" srcset=\"https:\/\/www.jeunessesmusicales.be\/bruxelles\/wp-content\/uploads\/sites\/7\/2024\/08\/ATELIER-MAI-2024-04-300x192.jpg 300w, https:\/\/www.jeunessesmusicales.be\/bruxelles\/wp-content\/uploads\/sites\/7\/2024\/08\/ATELIER-MAI-2024-04-1024x655.jpg 1024w, https:\/\/www.jeunessesmusicales.be\/bruxelles\/wp-content\/uploads\/sites\/7\/2024\/08\/ATELIER-MAI-2024-04-768x492.jpg 768w, https:\/\/www.jeunessesmusicales.be\/bruxelles\/wp-content\/uploads\/sites\/7\/2024\/08\/ATELIER-MAI-2024-04-1536x983.jpg 1536w, https:\/\/www.jeunessesmusicales.be\/bruxelles\/wp-content\/uploads\/sites\/7\/2024\/08\/ATELIER-MAI-2024-04-150x96.jpg 150w, https:\/\/www.jeunessesmusicales.be\/bruxelles\/wp-content\/uploads\/sites\/7\/2024\/08\/ATELIER-MAI-2024-04.jpg 1920w\" sizes=\"auto, (max-width: 333px) 100vw, 333px\" \/><\/a>Nos animateur\u00b7rice\u00b7s, un r\u00e9seau de musicien\u00b7ne\u00b7s professionnel\u00b7le\u00b7s engag\u00e9s<\/strong><br \/>\nNos ateliers sont anim\u00e9s par des musicien\u00b7ne\u00b7s et artistes professionnel\u00b7le\u00b7s, Musicien\u00b7ne\u00b7s Intervenant\u00b7e\u00b7s (MI), recrut\u00e9\u00b7e\u00b7s avec soin pour leur connaissance des disciplines artistiques abord\u00e9es et leurs qualit\u00e9s p\u00e9dagogiques.<\/p>\n<p>Leur p\u00e9dagogie se base sur la confiance et la coop\u00e9ration : les enfants exp\u00e9rimentent la musique librement, sans souci de performances pr\u00e9\u00e9tablies ni de r\u00e9sultats.<\/p>\n<p>&nbsp;<\/p>\n<p style=\"text-align: left;\"><strong><span style=\"text-decoration: underline;\">NOS ATELIERS 2025-26<\/span><br \/>\n<\/strong><\/p>\n<ul style=\"list-style-type: square;\">\n<li style=\"text-align: left;\"><a href=\"https:\/\/www.jeunessesmusicales.be\/bruxelles\/bouger-jouer-chanter-ateliers-deveil-musical\/\"><span style=\"color: #ef3740;\">BOUGER, JOUER, CHANTER, ateliers d\u2019\u00e9veil musical <\/span><\/a>(0 \u00e0 6 ans \/ cr\u00e8che \u00e0 M3)<\/li>\n<li style=\"text-align: left;\"><a href=\"https:\/\/www.jeunessesmusicales.be\/bruxelles\/ateliers-scolaires\/le-tour-du-monde-en-musique-decouverte-des-musiques-et-des-instruments-du-monde-2\/\"><span style=\"color: #ef3740;\">LE TOUR DU MONDE EN MUSIQUE<\/span><\/a> (3 \u00e0 12 ans \/ M3 \u00e0 P6)<\/li>\n<li style=\"text-align: left;\"><a href=\"https:\/\/www.jeunessesmusicales.be\/bruxelles\/ateliers-scolaires\/de-vivaldi-a-stromae-decouverte-des-familles-dinstruments-et-des-styles-musicaux\/\"><span style=\"color: #ef3740;\">DE VIVALDI A STROMAE, d\u00e9couverte des familles d\u2019instruments et des styles musicaux <\/span><\/a>(5 \u00e0 18 ans \/ M3 \u00e0 S6)<\/li>\n<li style=\"text-align: left;\"><a href=\"https:\/\/www.jeunessesmusicales.be\/bruxelles\/ateliers-musicaux-a-lecole\/let-s_dance\/\"><span style=\"color: #ef3740;\">LET&rsquo;S DANCE<\/span><\/a>\u00a0(5 \u00e0 18 ans \/ M3 \u00e0 S6)<\/li>\n<li style=\"text-align: left;\"><a href=\"https:\/\/www.jeunessesmusicales.be\/bruxelles\/ateliers-scolaires\/ca-percute-ateliers-de-percussions\/\"><span style=\"color: #ef3740;\">\u00c7A PERCUTE !<\/span><\/a> (5 \u00e0 18 ans \/ M3 \u00e0 S6)<\/li>\n<li style=\"text-align: left;\"><a href=\"https:\/\/www.jeunessesmusicales.be\/bruxelles\/ateliers-scolaires\/chant-et-creation-de-chansons\/\"><span style=\"color: #ef3740;\">LA VOIX EST LIBRE<\/span><\/a>\u00a0(6 \u00e0 18 ans \/ P1 \u00e0 S6)<\/li>\n<li style=\"text-align: left;\"><a href=\"https:\/\/www.jeunessesmusicales.be\/bruxelles\/ateliers-scolaires\/hip-hop\/\"><span style=\"color: #ef3740;\">FLOW, DECOUVERTE DU HIP HOP<\/span><\/a> (6 \u00e0 18 ans \/ P1 \u00e0 S6)<\/li>\n<li style=\"text-align: left;\"><a href=\"https:\/\/www.jeunessesmusicales.be\/bruxelles\/ateliers-scolaires\/big-bang-melody-ateliers-de-musique-assistee-par-ordinateur-mao\/\"><span style=\"color: #ef3740;\">BIG BANG MELODY, musique assist\u00e9e par ordinateur<\/span><\/a> (6 \u00e0 18 ans \/ P1 \u00e0 S6)<\/li>\n<li><span style=\"color: #ef3740;\"><a style=\"color: #ef3740;\" href=\"https:\/\/www.jeunessesmusicales.be\/bruxelles\/ateliers-musicaux-a-lecole\/muziek-is-tof\/\">MUZIEK IS TOF !<\/a><\/span> (6 \u00e0 18 ans \/ P1 \u00e0 S6)<\/li>\n<li style=\"text-align: left;\"><a href=\"https:\/\/www.jeunessesmusicales.be\/bruxelles\/journees-musicales\/\"><span style=\"color: #ef3740;\">JOURN\u00c9ES MUSICALES<\/span><\/a><span style=\"color: #ef3740;\"> = <\/span><span style=\"color: #ef3740;\">S\u00e9rie d\u2019ateliers + concerts \u00e0 l\u2019\u00e9cole <span style=\"color: #2d353a;\">(<\/span><\/span><span style=\"color: #2d353a;\">3 \u00e0 18 ans \/ M1 \u00e0 S6)<\/span><\/li>\n<li style=\"text-align: left;\"><a href=\"https:\/\/www.jeunessesmusicales.be\/bruxelles\/ateliers-scolaires\/ateliers-de-preparation-de-la-fete-de-lecole\/\"><span style=\"color: #ef3740;\">PR\u00c9PARATION DE LA F\u00caTE DE L\u2019\u00c9COLE<\/span><\/a><span style=\"color: #2d353a;\"> (<\/span>3 \u00e0 18 ans \/ M1 \u00e0 S6)<\/li>\n<\/ul>\n<h5 class=\"p1\" style=\"text-align: center;\"><strong>Pour commander des ateliers, \u00e9crivez-nous \u00e0 <a href=\"mailto:jmbxl@jeunessesmusicales.be\">jmbxl@jeunessesmusicales.be<\/a><\/strong><\/h5>\n<table style=\"border-collapse: collapse; width: 100%;\">\n<tbody>\n<tr>\n<td style=\"width: 100%;\">\n<p class=\"p1\"><strong>EN PRATIQUE<\/strong><\/p>\n<p class=\"p1\">\u2023 50 minutes par s\u00e9ance<br \/>\n\u2023 6 s\u00e9ances minimum (id\u00e9alement)<br \/>\n\u2023 2 classes\/groupes minimum (obligatoire)<br \/>\n\u2023 25 \u00e9l\u00e8ves par classe\/groupe maximum<br \/>\n\u2023 des niveaux recommand\u00e9s pour chaque th\u00e9matique<\/p>\n<\/td>\n<\/tr>\n<\/tbody>\n<\/table>\n<h3 style=\"text-align: center;\"><a href=\"https:\/\/www.jeunessesmusicales.be\/bruxelles\/paroles-de-profs\/\">D\u00e9couvrez les retours des enseignant\u00b7es sur nos ateliers musicaux !<\/a><\/h3>\n<table style=\"height: 10px; width: 100%; border-collapse: collapse; border-color: #000000;\">\n<tbody>\n<tr style=\"height: 43px; border-color: #000000;\">\n<td style=\"width: 100%; height: 10px; border-color: #000000; border-style: solid;\">\n<p class=\"p1\" style=\"text-align: center;\"><strong>LE CENTRE DES JEUNESSES MUSICALES DE BRUXELLES EST R\u00c9F\u00c9RENT SCOLAIRE PECA POUR LE BASSIN SCOLAIRE DE BRUXELLES.<\/strong><\/p>\n<p class=\"p1\" style=\"text-align: center;\">Nos ateliers s\u2019inscrivent concr\u00e8tement dans les projets et la vie de la classe et r\u00e9pondent aux objectifs PECA et \u00e0 ses composantes.<\/p>\n<p><a rel=\"fancybox[54]\" href=\"https:\/\/www.jeunessesmusicales.be\/bruxelles\/wp-content\/uploads\/sites\/7\/2023\/09\/PECA-min.jpg\" class=\"fancybox\"><img loading=\"lazy\" decoding=\"async\" class=\" wp-image-10514 aligncenter\" src=\"https:\/\/www.jeunessesmusicales.be\/bruxelles\/wp-content\/uploads\/sites\/7\/2023\/09\/PECA-min-300x106.jpg\" alt=\"\" width=\"167\" height=\"59\" srcset=\"https:\/\/www.jeunessesmusicales.be\/bruxelles\/wp-content\/uploads\/sites\/7\/2023\/09\/PECA-min-300x106.jpg 300w, https:\/\/www.jeunessesmusicales.be\/bruxelles\/wp-content\/uploads\/sites\/7\/2023\/09\/PECA-min-150x53.jpg 150w, https:\/\/www.jeunessesmusicales.be\/bruxelles\/wp-content\/uploads\/sites\/7\/2023\/09\/PECA-min.jpg 398w\" sizes=\"auto, (max-width: 167px) 100vw, 167px\" \/><\/a><\/td>\n<\/tr>\n<\/tbody>\n<\/table>\n<h5 class=\"p1\" style=\"text-align: center;\"><\/h5>\n","protected":false},"excerpt":{"rendered":"<p>Les Jeunesses Musicales de Bruxelles vous proposent diff\u00e9rents ateliers musicaux adapt\u00e9s aux \u00e2ges, niveaux et app\u00e9tences des enfants, des jeunes &hellip; <a href=\"https:\/\/www.jeunessesmusicales.be\/bruxelles\/ateliers-musicaux-a-lecole\/\" class=\"more-link\">Continue reading <span class=\"screen-reader-text\">ATELIERS MUSICAUX \u00c0 L&rsquo;\u00c9COLE<\/span><\/a><\/p>\n","protected":false},"author":38,"featured_media":0,"parent":0,"menu_order":0,"comment_status":"closed","ping_status":"closed","template":"","meta":{"_acf_changed":false,"footnotes":""},"class_list":["post-54","page","type-page","status-publish","hentry"],"acf":[],"aioseo_notices":[],"_links":{"self":[{"href":"https:\/\/www.jeunessesmusicales.be\/bruxelles\/wp-json\/wp\/v2\/pages\/54","targetHints":{"allow":["GET"]}}],"collection":[{"href":"https:\/\/www.jeunessesmusicales.be\/bruxelles\/wp-json\/wp\/v2\/pages"}],"about":[{"href":"https:\/\/www.jeunessesmusicales.be\/bruxelles\/wp-json\/wp\/v2\/types\/page"}],"author":[{"embeddable":true,"href":"https:\/\/www.jeunessesmusicales.be\/bruxelles\/wp-json\/wp\/v2\/users\/38"}],"replies":[{"embeddable":true,"href":"https:\/\/www.jeunessesmusicales.be\/bruxelles\/wp-json\/wp\/v2\/comments?post=54"}],"version-history":[{"count":226,"href":"https:\/\/www.jeunessesmusicales.be\/bruxelles\/wp-json\/wp\/v2\/pages\/54\/revisions"}],"predecessor-version":[{"id":11880,"href":"https:\/\/www.jeunessesmusicales.be\/bruxelles\/wp-json\/wp\/v2\/pages\/54\/revisions\/11880"}],"wp:attachment":[{"href":"https:\/\/www.jeunessesmusicales.be\/bruxelles\/wp-json\/wp\/v2\/media?parent=54"}],"curies":[{"name":"wp","href":"https:\/\/api.w.org\/{rel}","templated":true}]}}