{"id":7831,"date":"2022-08-05T11:34:23","date_gmt":"2022-08-05T09:34:23","guid":{"rendered":"https:\/\/www.jeunessesmusicales.be\/bruxelles\/creches-et-ecoles\/ateliers-scolaires\/atelier-de-chant-copy\/"},"modified":"2025-08-19T17:26:30","modified_gmt":"2025-08-19T15:26:30","slug":"chant-et-creation-de-chansons","status":"publish","type":"page","link":"https:\/\/www.jeunessesmusicales.be\/bruxelles\/ateliers-musicaux-a-lecole\/chant-et-creation-de-chansons\/","title":{"rendered":"LA VOIX EST LIBRE"},"content":{"rendered":"<h2>De 6 \u00e0 18 ans \/ P1 \u00e0 S6<\/h2>\n<p style=\"text-align: justify;\"><a rel=\"fancybox[7831]\" href=\"https:\/\/www.jeunessesmusicales.be\/bruxelles\/wp-content\/uploads\/sites\/7\/2022\/08\/Ateliers-31.jpg\" class=\"fancybox\"><img loading=\"lazy\" decoding=\"async\" class=\"alignleft wp-image-8752\" src=\"https:\/\/www.jeunessesmusicales.be\/bruxelles\/wp-content\/uploads\/sites\/7\/2022\/08\/Ateliers-31-300x225.jpg\" alt=\"\" width=\"283\" height=\"212\" srcset=\"https:\/\/www.jeunessesmusicales.be\/bruxelles\/wp-content\/uploads\/sites\/7\/2022\/08\/Ateliers-31-300x225.jpg 300w, https:\/\/www.jeunessesmusicales.be\/bruxelles\/wp-content\/uploads\/sites\/7\/2022\/08\/Ateliers-31-768x576.jpg 768w, https:\/\/www.jeunessesmusicales.be\/bruxelles\/wp-content\/uploads\/sites\/7\/2022\/08\/Ateliers-31-1024x768.jpg 1024w, https:\/\/www.jeunessesmusicales.be\/bruxelles\/wp-content\/uploads\/sites\/7\/2022\/08\/Ateliers-31-140x105.jpg 140w, https:\/\/www.jeunessesmusicales.be\/bruxelles\/wp-content\/uploads\/sites\/7\/2022\/08\/Ateliers-31.jpg 1920w\" sizes=\"auto, (max-width: 283px) 100vw, 283px\" \/><\/a><\/p>\n<p class=\"cvGsUA direction-ltr align-justify para-style-body\"><span class=\"a_GcMg font-feature-liga-off font-feature-clig-off font-feature-calt-off text-decoration-none text-strikethrough-none\">Dans cet atelier, les \u00e9l\u00e8ves sont invit\u00e9s \u00e0 lib\u00e9rer leur voix et leur imagination \u00e0 travers le chant, et \u00e0 d\u00e9couvrir qu\u2019ils ont tous quelque chose \u00e0 dire \u2013 et \u00e0 chanter !<\/span><\/p>\n<p class=\"cvGsUA direction-ltr align-justify para-style-body\"><span class=\"a_GcMg font-feature-liga-off font-feature-clig-off font-feature-calt-off text-decoration-none text-strikethrough-none\">Au fil des s\u00e9ances, les participant\u00b7es explorent des chansons existantes, d\u00e9couvrent leur structure (couplet, refrain, pont\u2026), exp\u00e9rimentent le rythme et les rimes, et peuvent s\u2019essayer \u00e0 l\u2019\u00e9criture de leurs propres textes. Qu\u2019il s\u2019agisse d\u2019un cri du c\u0153ur, d\u2019un jeu de mots ou d\u2019un message engag\u00e9, chaque voix compte.<\/span><\/p>\n<p class=\"cvGsUA direction-ltr align-justify para-style-body\"><span class=\"a_GcMg font-feature-liga-off font-feature-clig-off font-feature-calt-off text-decoration-none text-strikethrough-none\">L\u2019atelier peut alterner moments de chant collectif, \u00e9chauffements vocaux ludiques, \u00e9coute de chansons vari\u00e9es, jeux d\u2019\u00e9criture, et mises en musique simples (a cappella ou avec accompagnement).<\/span><\/p>\n<p class=\"cvGsUA direction-ltr align-justify para-style-body\"><span class=\"a_GcMg font-feature-liga-off font-feature-clig-off font-feature-calt-off text-decoration-none text-strikethrough-none\">L\u2019objectif est de faire \u00e9merger une parole personnelle ou collective, de d\u00e9velopper la confiance en soi, et de d\u00e9couvrir le plaisir de chanter ensemble.<\/span><\/p>\n<p style=\"text-align: justify;\"><strong><u>Pour aller plus loin en classe<\/u>\u00a0:<\/strong><\/p>\n<ul>\n<li><span class=\"a_GcMg font-feature-liga-off font-feature-clig-off font-feature-calt-off text-decoration-none text-strikethrough-none\">\u00c9tudier les figures de style dans des paroles de chansons (m\u00e9taphores, allit\u00e9rations, anaphores\u2026). R\u00e9diger une chanson ou un slam en groupe ou individuellement (sur un th\u00e8me travaill\u00e9 en classe). \u00c9crire des chansons engag\u00e9es autour de th\u00e8mes comme l\u2019environnement, l\u2019\u00e9galit\u00e9, la solidarit\u00e9.<\/span><\/li>\n<li><span class=\"a_GcMg font-feature-liga-off font-feature-clig-off font-feature-calt-off text-decoration-none text-strikethrough-none\">Travailler la prosodie, l\u2019articulation et la diction \u00e0 travers le chant.<\/span><\/li>\n<li><span class=\"a_GcMg font-feature-liga-off font-feature-clig-off font-feature-calt-off text-decoration-none text-strikethrough-none\">Analyser et interpr\u00e9ter des textes de chanson (compr\u00e9hension, intention, vocabulaire\u2026).<\/span><\/li>\n<li><span class=\"a_GcMg font-feature-liga-off font-feature-clig-off font-feature-calt-off text-decoration-none text-strikethrough-none\">Cr\u00e9er une capsule audio ou vid\u00e9o d\u2019une chanson \u00e9crite en classe.<\/span><\/li>\n<li><span class=\"a_GcMg font-feature-liga-off font-feature-clig-off font-feature-calt-off text-decoration-none text-strikethrough-none\">Associer des illustrations ou collages \u00e0 des paroles \u00e9crites.<\/span><\/li>\n<\/ul>\n<table style=\"border-collapse: collapse; width: 100%; height: 43px;\">\n<tbody>\n<tr style=\"height: 43px;\">\n<td style=\"width: 457px; height: 43px; border-color: #ee4000; border-style: solid; text-align: center;\"><strong><span style=\"color: #ef3740;\">CONDITIONS<\/span><br \/>\n<\/strong>6 s\u00e9ances minimum<br \/>\n2 groupes\/classes minimum<\/p>\n<p style=\"text-align: center;\"><strong><span style=\"color: #ef3740;\">TARIF<\/span><br \/>\n<\/strong>70\u20ac par s\u00e9ance soit 3,5 \u20ac par enfant pour une classe de 20 \u00e9l\u00e8ves <em>(le tarif de nos ateliers reste le m\u00eame quel que soit le nombre d&rsquo;\u00e9l\u00e8ves dans la classe)<\/em><\/p>\n<\/td>\n<\/tr>\n<\/tbody>\n<\/table>\n<h5 class=\"p1\" style=\"text-align: center;\"><strong><span style=\"color: #ef3740;\">Pour commander des ateliers, \u00e9crivez-nous \u00e0 <\/span><a href=\"mailto:jmbxl@jeunessesmusicales.be\"><span style=\"color: #ef3740;\">jmbxl@jeunessesmusicales.be<\/span><\/a><\/strong><\/h5>\n<p>&nbsp;<\/p>\n<p>&nbsp;<\/p>\n","protected":false},"excerpt":{"rendered":"<p>De 6 \u00e0 18 ans \/ P1 \u00e0 S6 Dans cet atelier, les \u00e9l\u00e8ves sont invit\u00e9s \u00e0 lib\u00e9rer leur voix &hellip; <a href=\"https:\/\/www.jeunessesmusicales.be\/bruxelles\/ateliers-musicaux-a-lecole\/chant-et-creation-de-chansons\/\" class=\"more-link\">Continue reading <span class=\"screen-reader-text\">LA VOIX EST LIBRE<\/span><\/a><\/p>\n","protected":false},"author":32,"featured_media":0,"parent":54,"menu_order":0,"comment_status":"closed","ping_status":"closed","template":"","meta":{"_acf_changed":false,"footnotes":""},"class_list":["post-7831","page","type-page","status-publish","hentry"],"acf":[],"aioseo_notices":[],"_links":{"self":[{"href":"https:\/\/www.jeunessesmusicales.be\/bruxelles\/wp-json\/wp\/v2\/pages\/7831","targetHints":{"allow":["GET"]}}],"collection":[{"href":"https:\/\/www.jeunessesmusicales.be\/bruxelles\/wp-json\/wp\/v2\/pages"}],"about":[{"href":"https:\/\/www.jeunessesmusicales.be\/bruxelles\/wp-json\/wp\/v2\/types\/page"}],"author":[{"embeddable":true,"href":"https:\/\/www.jeunessesmusicales.be\/bruxelles\/wp-json\/wp\/v2\/users\/32"}],"replies":[{"embeddable":true,"href":"https:\/\/www.jeunessesmusicales.be\/bruxelles\/wp-json\/wp\/v2\/comments?post=7831"}],"version-history":[{"count":29,"href":"https:\/\/www.jeunessesmusicales.be\/bruxelles\/wp-json\/wp\/v2\/pages\/7831\/revisions"}],"predecessor-version":[{"id":11825,"href":"https:\/\/www.jeunessesmusicales.be\/bruxelles\/wp-json\/wp\/v2\/pages\/7831\/revisions\/11825"}],"up":[{"embeddable":true,"href":"https:\/\/www.jeunessesmusicales.be\/bruxelles\/wp-json\/wp\/v2\/pages\/54"}],"wp:attachment":[{"href":"https:\/\/www.jeunessesmusicales.be\/bruxelles\/wp-json\/wp\/v2\/media?parent=7831"}],"curies":[{"name":"wp","href":"https:\/\/api.w.org\/{rel}","templated":true}]}}