{"id":2748,"date":"2024-08-22T12:58:43","date_gmt":"2024-08-22T10:58:43","guid":{"rendered":"https:\/\/www.jeunessesmusicales.be\/charleroimetropole\/stage-ete-2024-lrem-copy\/"},"modified":"2025-05-03T22:01:28","modified_gmt":"2025-05-03T20:01:28","slug":"stage-surunairlatino-2025","status":"publish","type":"page","link":"https:\/\/www.jeunessesmusicales.be\/charleroimetropole\/stage-surunairlatino-2025\/","title":{"rendered":"Stage d&rsquo;\u00e9t\u00e9 2025"},"content":{"rendered":"<h1><span style=\"color: #ef3740;\">\u00ab\u00a0Sur un air Latino\u00a0\u00bb<br \/>\n<\/span><strong>Du lundi <span style=\"color: #ef3740;\">07\/07<\/span> au vendredi <span style=\"color: #ef3740;\">11\/07\/2025<br \/>\n<\/span><\/strong>8 &#8211; 12 ans<\/h1>\n<p><span style=\"color: #ef3740;\"><strong><a rel=\"fancybox[2748]\" href=\"https:\/\/www.jeunessesmusicales.be\/charleroimetropole\/wp-content\/uploads\/sites\/6\/2025\/05\/Stage-Juillet-2025-Ivan.jpg\" class=\"fancybox\"><img loading=\"lazy\" decoding=\"async\" class=\"alignnone wp-image-2841\" src=\"https:\/\/www.jeunessesmusicales.be\/charleroimetropole\/wp-content\/uploads\/sites\/6\/2025\/05\/Stage-Juillet-2025-Ivan-212x300.jpg\" alt=\"\" width=\"500\" height=\"707\" srcset=\"https:\/\/www.jeunessesmusicales.be\/charleroimetropole\/wp-content\/uploads\/sites\/6\/2025\/05\/Stage-Juillet-2025-Ivan-212x300.jpg 212w, https:\/\/www.jeunessesmusicales.be\/charleroimetropole\/wp-content\/uploads\/sites\/6\/2025\/05\/Stage-Juillet-2025-Ivan-724x1024.jpg 724w, https:\/\/www.jeunessesmusicales.be\/charleroimetropole\/wp-content\/uploads\/sites\/6\/2025\/05\/Stage-Juillet-2025-Ivan-768x1087.jpg 768w, https:\/\/www.jeunessesmusicales.be\/charleroimetropole\/wp-content\/uploads\/sites\/6\/2025\/05\/Stage-Juillet-2025-Ivan-1086x1536.jpg 1086w, https:\/\/www.jeunessesmusicales.be\/charleroimetropole\/wp-content\/uploads\/sites\/6\/2025\/05\/Stage-Juillet-2025-Ivan-74x105.jpg 74w, https:\/\/www.jeunessesmusicales.be\/charleroimetropole\/wp-content\/uploads\/sites\/6\/2025\/05\/Stage-Juillet-2025-Ivan.jpg 1357w\" sizes=\"auto, (max-width: 500px) 100vw, 500px\" \/><\/a><\/strong><\/span><\/p>\n<div dir=\"auto\"><span style=\"color: #ef3740;\"><strong>Les stages JM, des activit\u00e9s musicales pour tous les enfants !<\/strong><\/span><\/div>\n<div dir=\"auto\"><\/div>\n<div dir=\"auto\">&#8211; Un encadrement qualifi\u00e9 &amp; comp\u00e9tent<\/div>\n<div dir=\"auto\">&#8211; En petits groupes, entre amis<\/div>\n<div dir=\"auto\">&#8211; Encadr\u00e9 par des animateurs enthousiastes<\/div>\n<div dir=\"auto\">&#8211; Dans une ambiance familiale &amp; festive<\/div>\n<div dir=\"auto\">&#8211; P\u00e9dagogiques<\/div>\n<div dir=\"auto\">&#8211; Esprit objectivement neutre<\/div>\n<div dir=\"auto\">&#8211; Tol\u00e9rant et respectueux de chacun<\/div>\n<div dir=\"auto\">&#8211; Plaisir et la d\u00e9couverte de la musique<\/div>\n<div dir=\"auto\"><\/div>\n<p><span style=\"color: #ef3740;\"><strong>Prix :<br \/>\n<\/strong><\/span>\u2022 <strong>75\u20ac <\/strong><em>(20\u20ac d&rsquo;acompte pour confirmer votre (vos) inscriptions)<br \/>\n<\/em><\/p>\n<p><span style=\"color: #ef3740;\"><span style=\"color: #2d353a;\">Votre enfant doit <strong>IMPERATIVEMENT<\/strong> \u00eatre propre.<\/span><\/span><\/p>\n<p><span style=\"color: #ef3740;\"><strong>Lieu :<br \/>\n<\/strong><\/span><strong>Rue Madr\u00e9e (grille rouge, face au num\u00e9ro 30) 6041 Gosselies<\/strong> (acc\u00e8s par l\u2019arri\u00e8re)<br \/>\n<strong>Rue Leopold 46, 6041 Gosselies<\/strong> (acc\u00e8s par l\u2019avant)<br \/>\nAttention sur certain GPS : <strong>Rue de Charleville 46, 6041 Gosselies<\/strong><\/p>\n<p><span style=\"color: #ef3740;\"><strong>Horaire :<br \/>\n<\/strong><\/span><span style=\"color: #ef3740;\"><span style=\"color: #2d353a;\">\u2022 Du <strong>lundi 07\/07 <\/strong>au <strong>vendredi 11\/07\/2025<br \/>\n<\/strong>\u2022 De <strong>9h \u00e0 16h<\/strong><\/span><\/span><\/p>\n<p><strong>\u00c0 noter :\u00a0<\/strong>pr\u00e9voir pique-nique, boissons et collations.<br \/>\n<strong><span style=\"color: #ef3740;\"><br \/>\nGarderie :<br \/>\n<\/span>De 16h \u00e0 17h du lundi au jeudi (pas le vendredi)<\/strong><br \/>\n1.50\u20ac\/jour \u00e0 payer le premier jour de stage.<\/p>\n<p><span style=\"color: #ef3740;\"><strong>Paiement :<br \/>\n<\/strong><\/span>Merci de payer la somme totale <strong>avant le 30\/06\/2025<\/strong>\u00a0ou de payer un acompte de 20\u20ac end\u00e9ans les 3 jours apr\u00e8s votre inscription pour valider votre inscription sur le compte BE16 7320 3795 8474.<br \/>\n<strong> (Veuillez compl\u00e9ter les infirmations ci-dessous pour votre attestation pour d\u00e9duction fiscale et remboursement mutuelle)<\/strong><\/p>\n<p><strong><span style=\"color: #ef3740;\">Inscriptions :<br \/>\n<\/span><\/strong><span style=\"color: #2d353a;\"><em>(Apr\u00e8s votre inscriptions via le formulaire ci-dessous, un mail de confirmation est envoy\u00e9 sur votre adresse e-mail. V\u00e9rifiez si celui-ci ne se trouve pas dans votre courrier ind\u00e9sirable)<\/em><\/span><\/p>\n<p><iframe loading=\"lazy\" src=\"https:\/\/docs.google.com\/forms\/d\/e\/1FAIpQLSchQDrQwVGbnyLsAFpdWb8FgsfKjB0kZfOjXW7bcSuyvTQHyg\/viewform?embedded=true\" width=\"100%\" height=\"5000\" frameborder=\"0\" marginwidth=\"0\" marginheight=\"0\">Chargement\u2026<\/iframe><\/p>\n<p><em>(Le mail de confirmation d\u2019inscription tarde \u00e0 arriver? V\u00e9rifiez si celui-ci ne se trouve pas dans votre courrier ind\u00e9sirable)<\/em><\/p>\n","protected":false},"excerpt":{"rendered":"<p>\u00ab\u00a0Sur un air Latino\u00a0\u00bb Du lundi 07\/07 au vendredi 11\/07\/2025 8 &#8211; 12 ans Les stages JM, des activit\u00e9s musicales &hellip; <a href=\"https:\/\/www.jeunessesmusicales.be\/charleroimetropole\/stage-surunairlatino-2025\/\" class=\"more-link\">Continue reading <span class=\"screen-reader-text\">Stage d&rsquo;\u00e9t\u00e9 2025<\/span><\/a><\/p>\n","protected":false},"author":16,"featured_media":2841,"parent":0,"menu_order":0,"comment_status":"closed","ping_status":"closed","template":"","meta":{"_acf_changed":false,"footnotes":""},"class_list":["post-2748","page","type-page","status-publish","has-post-thumbnail","hentry"],"acf":[],"_links":{"self":[{"href":"https:\/\/www.jeunessesmusicales.be\/charleroimetropole\/wp-json\/wp\/v2\/pages\/2748","targetHints":{"allow":["GET"]}}],"collection":[{"href":"https:\/\/www.jeunessesmusicales.be\/charleroimetropole\/wp-json\/wp\/v2\/pages"}],"about":[{"href":"https:\/\/www.jeunessesmusicales.be\/charleroimetropole\/wp-json\/wp\/v2\/types\/page"}],"author":[{"embeddable":true,"href":"https:\/\/www.jeunessesmusicales.be\/charleroimetropole\/wp-json\/wp\/v2\/users\/16"}],"replies":[{"embeddable":true,"href":"https:\/\/www.jeunessesmusicales.be\/charleroimetropole\/wp-json\/wp\/v2\/comments?post=2748"}],"version-history":[{"count":21,"href":"https:\/\/www.jeunessesmusicales.be\/charleroimetropole\/wp-json\/wp\/v2\/pages\/2748\/revisions"}],"predecessor-version":[{"id":2920,"href":"https:\/\/www.jeunessesmusicales.be\/charleroimetropole\/wp-json\/wp\/v2\/pages\/2748\/revisions\/2920"}],"wp:featuredmedia":[{"embeddable":true,"href":"https:\/\/www.jeunessesmusicales.be\/charleroimetropole\/wp-json\/wp\/v2\/media\/2841"}],"wp:attachment":[{"href":"https:\/\/www.jeunessesmusicales.be\/charleroimetropole\/wp-json\/wp\/v2\/media?parent=2748"}],"curies":[{"name":"wp","href":"https:\/\/api.w.org\/{rel}","templated":true}]}}