{"id":3301,"date":"2026-09-02T13:17:46","date_gmt":"2026-09-02T11:17:46","guid":{"rendered":"https:\/\/www.jeunessesmusicales.be\/charleroimetropole\/?page_id=3301"},"modified":"2026-09-02T19:33:55","modified_gmt":"2026-09-02T17:33:55","slug":"stage-octobre-2026","status":"publish","type":"page","link":"https:\/\/www.jeunessesmusicales.be\/charleroimetropole\/stage-octobre-2026\/","title":{"rendered":"Stage toussaint | Octobre 2026"},"content":{"rendered":"<h1><strong><span style=\"color: #ef3740;\">STAGE MUSICAL<br \/>\n<\/span><\/strong><span style=\"color: #ef3740;\">&#8220;Les l\u00e9gendes de la musique&#8221;<br \/>\n<\/span><strong>Du lundi <span style=\"color: #ef3740;\">19\/10 <\/span><\/strong><strong>au vendredi <span style=\"color: #ef3740;\">23\/10\/2026<br \/>\n<\/span><\/strong>Pour les enfants de 3 \u00e0 14 ans<\/h1>\n<div dir=\"auto\">\n<p>Deviens une l\u00e9gende le temps d\u2019un stage !<br \/>\nOn t\u2019emm\u00e8ne \u00e0 la d\u00e9couverte des chansons des plus grandes l\u00e9gendes de la musique, \u00e0 travers les \u00e9poques. Une semaine pour vivre la musique\u2026 comme une vraie l\u00e9gende !<br \/>\nMusique, jeux, chant, mouvement et bonne humeur !<\/p>\n<p><strong>Au programme :<\/strong><br \/>\nChansons<br \/>\nD\u00e9couverte d\u2019instruments<br \/>\nJeux musicaux et danse<br \/>\nMoments cr\u00e9atifs<br \/>\nAmbiance joyeuse et bienveillante<\/p>\n<p>Une semaine pour chanter, bouger, s\u2019amuser et c\u00e9l\u00e9brer la musique ensemble !<br \/>\nPlaces limit\u00e9es \u2013 pensez \u00e0 r\u00e9server rapidement !<\/p>\n<p>#JeunessesMusicales #StageMusical #MusiquePourEnfants #Stage #\u00c9veilMusical #EnfantsHeureux #MusiqueEtJoie<\/p>\n<\/div>\n<p><span style=\"color: #ef3740;\"><strong><a rel=\"fancybox[3301]\" href=\"https:\/\/www.jeunessesmusicales.be\/charleroimetropole\/wp-content\/uploads\/sites\/6\/2026\/09\/Toussaint-2026-1.jpg\" class=\"fancybox\"><img loading=\"lazy\" decoding=\"async\" class=\"alignnone wp-image-3313\" src=\"https:\/\/www.jeunessesmusicales.be\/charleroimetropole\/wp-content\/uploads\/sites\/6\/2026\/09\/Toussaint-2026-1-212x300.jpg\" alt=\"\" width=\"500\" height=\"707\" srcset=\"https:\/\/www.jeunessesmusicales.be\/charleroimetropole\/wp-content\/uploads\/sites\/6\/2026\/09\/Toussaint-2026-1-212x300.jpg 212w, https:\/\/www.jeunessesmusicales.be\/charleroimetropole\/wp-content\/uploads\/sites\/6\/2026\/09\/Toussaint-2026-1-724x1024.jpg 724w, https:\/\/www.jeunessesmusicales.be\/charleroimetropole\/wp-content\/uploads\/sites\/6\/2026\/09\/Toussaint-2026-1-768x1087.jpg 768w, https:\/\/www.jeunessesmusicales.be\/charleroimetropole\/wp-content\/uploads\/sites\/6\/2026\/09\/Toussaint-2026-1-1086x1536.jpg 1086w, https:\/\/www.jeunessesmusicales.be\/charleroimetropole\/wp-content\/uploads\/sites\/6\/2026\/09\/Toussaint-2026-1-74x105.jpg 74w, https:\/\/www.jeunessesmusicales.be\/charleroimetropole\/wp-content\/uploads\/sites\/6\/2026\/09\/Toussaint-2026-1.jpg 1357w\" sizes=\"auto, (max-width: 500px) 100vw, 500px\" \/><\/a><\/strong><\/span><\/p>\n<div dir=\"auto\"><span style=\"color: #ef3740;\"><strong>Les stages JM, des activit\u00e9s musicales pour tous les enfants !<\/strong><\/span><\/div>\n<div dir=\"auto\"><\/div>\n<div dir=\"auto\">\n<div dir=\"auto\">\u2022 Un encadrement <strong>qualifi\u00e9 &amp; comp\u00e9tent<\/strong><\/div>\n<div dir=\"auto\">\u2022 En petits groupes, <strong>entre amis<\/strong><\/div>\n<div dir=\"auto\">\u2022 Encadr\u00e9 par des <strong>animateurs enthousiastes<\/strong><\/div>\n<div dir=\"auto\">\u2022 Dans une <strong>ambiance familiale &amp; festive<\/strong><\/div>\n<div dir=\"auto\">\u2022 <strong>P\u00e9dagogiques<\/strong><\/div>\n<div dir=\"auto\">\u2022 Esprit objectivement <strong>neutre<\/strong><\/div>\n<div dir=\"auto\">\u2022 <strong>Tol\u00e9rant et respectueux<\/strong> de chacun<\/div>\n<div dir=\"auto\">\u2022 <strong>Plaisir<\/strong> et la <strong>d\u00e9couverte<\/strong> de la musique<\/div>\n<\/div>\n<div dir=\"auto\"><\/div>\n<p><span style=\"color: #ef3740;\"><strong>Prix :<br \/>\n<\/strong><\/span><strong>\u2022 75\u20ac<br \/>\n<em>(20\u20ac d&#8217;acompte pour confirmer votre (vos) inscriptions)<\/em><\/strong><em><br \/>\n<\/em><\/p>\n<p><span style=\"color: #ef3740;\"><span style=\"color: #2d353a;\">Votre enfant doit <strong>IMPERATIVEMENT<\/strong> \u00eatre propre.<\/span><\/span><\/p>\n<p><span style=\"color: #ef3740;\"><strong>Lieu :<br \/>\n<\/strong><\/span><strong>Rue Madr\u00e9e (grille rouge, face au num\u00e9ro 30) 6041 Gosselies<\/strong> (acc\u00e8s par l\u2019arri\u00e8re)<br \/>\n<strong>Rue Leopold 46, 6041 Gosselies<\/strong> (acc\u00e8s par l\u2019avant)<br \/>\nAttention sur certain GPS : <strong>Rue de Charleville 46, 6041 Gosselies<\/strong><\/p>\n<p><span style=\"color: #ef3740;\"><strong>Horaire :<br \/>\n<\/strong><\/span><span style=\"color: #ef3740;\"><span style=\"color: #2d353a;\">\u2022 Du <strong>lundi 19\/10 <\/strong>au <strong>vendredi 23\/10\/2026<br \/>\n<\/strong>\u2022 De <strong>9h \u00e0 16h<\/strong><\/span><\/span><\/p>\n<p><strong>\u00c0 noter :\u00a0<\/strong>pr\u00e9voir pique-nique, boissons et collations.<br \/>\n<strong><span style=\"color: #ef3740;\"><br \/>\nGarderie :<br \/>\n<\/span>De 16h \u00e0 17h du lundi au mecredi<\/strong><br \/>\n1.50\u20ac\/jour \u00e0 payer le premier jour de stage.<\/p>\n<p><span style=\"color: #ef3740;\"><strong>Paiement :<br \/>\n<\/strong><\/span>Merci de payer la somme totale <strong>avant le 14\/10\/2026<\/strong>\u00a0ou de payer un acompte de 20\u20ac end\u00e9ans les 3 jours apr\u00e8s votre inscription pour valider votre inscription sur le compte BE16 7320 3795 8474.<br \/>\n<strong> (Veuillez compl\u00e9ter les infirmations ci-dessous pour votre attestation pour d\u00e9duction fiscale et remboursement mutuelle)<\/strong><\/p>\n<p><strong><span style=\"color: #ef3740;\">Inscriptions :<br \/>\n<\/span><\/strong><span style=\"color: #2d353a;\"><em>(Apr\u00e8s votre inscriptions via le formulaire ci-dessous, un mail de confirmation est envoy\u00e9 sur votre adresse e-mail. V\u00e9rifiez si celui-ci ne se trouve pas dans votre courrier ind\u00e9sirable)<\/em><\/span><\/p>\n<p><iframe loading=\"lazy\" src=\"https:\/\/docs.google.com\/forms\/d\/e\/1FAIpQLSdcT-w3cXSdBx1vqcJL5w5EVguGJMJKbh67yWsMZszJ84WuMg\/viewform?embedded=true\" width=\"100%\" height=\"5000\" frameborder=\"0\" marginwidth=\"0\" marginheight=\"0\">Chargement\u2026<\/iframe><\/p>\n<p><em>(Le mail de confirmation d\u2019inscription tarde \u00e0 arriver? V\u00e9rifiez si celui-ci ne se trouve pas dans votre courrier ind\u00e9sirable)<\/em><\/p>\n","protected":false},"excerpt":{"rendered":"<p>STAGE MUSICAL &#8220;Les l\u00e9gendes de la musique&#8221; Du lundi 19\/10 au vendredi 23\/10\/2026 Pour les enfants de 3 \u00e0 14 &hellip; <a href=\"https:\/\/www.jeunessesmusicales.be\/charleroimetropole\/stage-octobre-2026\/\" class=\"more-link\">Continue reading <span class=\"screen-reader-text\">Stage toussaint | Octobre 2026<\/span><\/a><\/p>\n","protected":false},"author":16,"featured_media":0,"parent":0,"menu_order":0,"comment_status":"closed","ping_status":"closed","template":"","meta":{"_acf_changed":false,"footnotes":""},"class_list":["post-3301","page","type-page","status-publish","hentry"],"acf":[],"_links":{"self":[{"href":"https:\/\/www.jeunessesmusicales.be\/charleroimetropole\/wp-json\/wp\/v2\/pages\/3301","targetHints":{"allow":["GET"]}}],"collection":[{"href":"https:\/\/www.jeunessesmusicales.be\/charleroimetropole\/wp-json\/wp\/v2\/pages"}],"about":[{"href":"https:\/\/www.jeunessesmusicales.be\/charleroimetropole\/wp-json\/wp\/v2\/types\/page"}],"author":[{"embeddable":true,"href":"https:\/\/www.jeunessesmusicales.be\/charleroimetropole\/wp-json\/wp\/v2\/users\/16"}],"replies":[{"embeddable":true,"href":"https:\/\/www.jeunessesmusicales.be\/charleroimetropole\/wp-json\/wp\/v2\/comments?post=3301"}],"version-history":[{"count":9,"href":"https:\/\/www.jeunessesmusicales.be\/charleroimetropole\/wp-json\/wp\/v2\/pages\/3301\/revisions"}],"predecessor-version":[{"id":3315,"href":"https:\/\/www.jeunessesmusicales.be\/charleroimetropole\/wp-json\/wp\/v2\/pages\/3301\/revisions\/3315"}],"wp:attachment":[{"href":"https:\/\/www.jeunessesmusicales.be\/charleroimetropole\/wp-json\/wp\/v2\/media?parent=3301"}],"curies":[{"name":"wp","href":"https:\/\/api.w.org\/{rel}","templated":true}]}}