{"id":36,"date":"2015-11-03T14:32:21","date_gmt":"2015-11-03T13:32:21","guid":{"rendered":"http:\/\/www.jeunessesmusicales.be\/charleroimetropole\/?page_id=36"},"modified":"2025-05-07T23:22:04","modified_gmt":"2025-05-07T21:22:04","slug":"ateliers-a-lecole","status":"publish","type":"page","link":"https:\/\/www.jeunessesmusicales.be\/charleroimetropole\/activites-a-lecole\/ateliers-a-lecole\/","title":{"rendered":"Ateliers \u00e0 l\u2019\u00e9cole"},"content":{"rendered":"<h1 style=\"text-align: justify;\"><span style=\"color: #ef3740;\">Musique, rencontres et d\u00e9couvertes \u00e0 l\u2019\u00e9cole.<\/span><\/h1>\n<p style=\"text-align: justify;\"><span class=\"Apple-style-span\">Les Jeunesses Musicales ont pour premi\u00e8re mission de contribuer \u00e0 l\u2019initiation de tous les publics \u00e0 toutes les musiques. L\u2019objectif est ainsi de d\u00e9velopper une \u00e9coute, une pratique musicale qui laisse place \u00e0 la d\u00e9couverte, \u00e0 la cr\u00e9ativit\u00e9 et au plaisir.<a rel=\"fancybox[36]\" href=\"https:\/\/www.jeunessesmusicales.be\/charleroimetropole\/wp-content\/uploads\/sites\/6\/2022\/05\/article-intelligence-1.jpg\" class=\"fancybox\"><img loading=\"lazy\" decoding=\"async\" class=\"size-medium wp-image-2119 alignright\" src=\"https:\/\/www.jeunessesmusicales.be\/charleroimetropole\/wp-content\/uploads\/sites\/6\/2022\/05\/article-intelligence-1-300x169.jpg\" alt=\"\" width=\"300\" height=\"169\" srcset=\"https:\/\/www.jeunessesmusicales.be\/charleroimetropole\/wp-content\/uploads\/sites\/6\/2022\/05\/article-intelligence-1-300x169.jpg 300w, https:\/\/www.jeunessesmusicales.be\/charleroimetropole\/wp-content\/uploads\/sites\/6\/2022\/05\/article-intelligence-1-150x84.jpg 150w, https:\/\/www.jeunessesmusicales.be\/charleroimetropole\/wp-content\/uploads\/sites\/6\/2022\/05\/article-intelligence-1.jpg 496w\" sizes=\"auto, (max-width: 300px) 100vw, 300px\" \/><\/a><\/span><\/p>\n<p style=\"text-align: justify;\"><span class=\"Apple-style-span\">Pour les ateliers en classe, selon vos desiderata, le th\u00e8me portera sur l\u2019exploration de contes et l\u00e9gendes, la d\u00e9couverte et\/ou la construction d\u2019instruments vari\u00e9s, les percussions africaines ou orientales,\u2026 Un seul objectif rassemble ces multiples pratiques\u00a0: favoriser l\u2019\u00e9panouissement de chacun en lui offrant une palette d\u2019outils d\u2019expression et de cr\u00e9ativit\u00e9.<\/span><\/p>\n<p style=\"text-align: left;\"><strong><a rel=\"fancybox[36]\" href=\"https:\/\/www.jeunessesmusicales.be\/charleroimetropole\/wp-content\/uploads\/sites\/6\/2022\/05\/40691-enfants-musiciens.jpg\" class=\"fancybox\"><img loading=\"lazy\" decoding=\"async\" class=\"wp-image-2125 alignleft\" src=\"https:\/\/www.jeunessesmusicales.be\/charleroimetropole\/wp-content\/uploads\/sites\/6\/2022\/05\/40691-enfants-musiciens-300x200.jpg\" alt=\"\" width=\"323\" height=\"215\" srcset=\"https:\/\/www.jeunessesmusicales.be\/charleroimetropole\/wp-content\/uploads\/sites\/6\/2022\/05\/40691-enfants-musiciens-300x200.jpg 300w, https:\/\/www.jeunessesmusicales.be\/charleroimetropole\/wp-content\/uploads\/sites\/6\/2022\/05\/40691-enfants-musiciens-768x512.jpg 768w, https:\/\/www.jeunessesmusicales.be\/charleroimetropole\/wp-content\/uploads\/sites\/6\/2022\/05\/40691-enfants-musiciens.jpg 1024w, https:\/\/www.jeunessesmusicales.be\/charleroimetropole\/wp-content\/uploads\/sites\/6\/2022\/05\/40691-enfants-musiciens-150x100.jpg 150w\" sizes=\"auto, (max-width: 323px) 100vw, 323px\" \/><\/a>Chaque activit\u00e9 propos\u00e9e est adapt\u00e9e \u00e0 l\u2019\u00e2ge des \u00e9l\u00e8ves et il est \u00e9galement possible d&rsquo;organiser des <a href=\"http:\/\/www.jeunessesmusicales.be\/charleroimetropole\/activites-a-lecole\/concerts-a-lecole\/\">concerts<\/a>. N\u2019h\u00e9sitez <\/strong><strong>pas \u00e0 prendre contact avec nous pour \u00e9laborer vos projets !<\/strong><\/p>\n<p>&nbsp;<\/p>\n<p>&nbsp;<\/p>\n<p>&nbsp;<\/p>\n<h2><span style=\"color: #ef3740;\">Cliquez sur les liens ci dessous pour consulter nos catalogues<br \/>\net pour passer commande :<\/span><\/h2>\n<p><strong>Maternel &#8211; Primaire (2,5 &#8211; 12 ans) :<\/strong><br \/>\n<a href=\"https:\/\/www.jeunessesmusicales.be\/charleroimetropole\/catalogue-ateliers-25-26\/\" target=\"_blank\" rel=\"noopener\">https:\/\/www.jeunessesmusicales.be\/charleroimetropole\/catalogue-ateliers-25-26\/<\/a><br \/>\n<span style=\"color: #ef3740;\"><span style=\"color: #2d353a;\"><br \/>\n<strong>Secondaire (12\u00a0 &#8211; 18 ans) :<\/strong><br \/>\n<a href=\"https:\/\/www.jeunessesmusicales.be\/charleroimetropole\/catalogue-ateliers-25-26-sec\/\" target=\"_blank\" rel=\"noopener\">https:\/\/www.jeunessesmusicales.be\/charleroimetropole\/catalogue-ateliers-25-26-sec\/<\/a><\/span><strong><br \/>\n<\/strong><\/span><\/p>\n<p>N&rsquo;h\u00e9sitez pas \u00e0 nous <span style=\"color: #ef3740;\"><strong><a style=\"color: #ef3740;\" href=\"mailto:jmch@jeunessesmusicales.be\">contacter<\/a><\/strong><\/span> pour toutes informations compl\u00e9mentaires!<\/p>\n","protected":false},"excerpt":{"rendered":"<p>Musique, rencontres et d\u00e9couvertes \u00e0 l\u2019\u00e9cole. Les Jeunesses Musicales ont pour premi\u00e8re mission de contribuer \u00e0 l\u2019initiation de tous les &hellip; <a href=\"https:\/\/www.jeunessesmusicales.be\/charleroimetropole\/activites-a-lecole\/ateliers-a-lecole\/\" class=\"more-link\">Continue reading <span class=\"screen-reader-text\">Ateliers \u00e0 l\u2019\u00e9cole<\/span><\/a><\/p>\n","protected":false},"author":9,"featured_media":0,"parent":34,"menu_order":0,"comment_status":"closed","ping_status":"closed","template":"","meta":{"_acf_changed":false,"footnotes":""},"class_list":["post-36","page","type-page","status-publish","hentry"],"acf":[],"_links":{"self":[{"href":"https:\/\/www.jeunessesmusicales.be\/charleroimetropole\/wp-json\/wp\/v2\/pages\/36","targetHints":{"allow":["GET"]}}],"collection":[{"href":"https:\/\/www.jeunessesmusicales.be\/charleroimetropole\/wp-json\/wp\/v2\/pages"}],"about":[{"href":"https:\/\/www.jeunessesmusicales.be\/charleroimetropole\/wp-json\/wp\/v2\/types\/page"}],"author":[{"embeddable":true,"href":"https:\/\/www.jeunessesmusicales.be\/charleroimetropole\/wp-json\/wp\/v2\/users\/9"}],"replies":[{"embeddable":true,"href":"https:\/\/www.jeunessesmusicales.be\/charleroimetropole\/wp-json\/wp\/v2\/comments?post=36"}],"version-history":[{"count":63,"href":"https:\/\/www.jeunessesmusicales.be\/charleroimetropole\/wp-json\/wp\/v2\/pages\/36\/revisions"}],"predecessor-version":[{"id":2966,"href":"https:\/\/www.jeunessesmusicales.be\/charleroimetropole\/wp-json\/wp\/v2\/pages\/36\/revisions\/2966"}],"up":[{"embeddable":true,"href":"https:\/\/www.jeunessesmusicales.be\/charleroimetropole\/wp-json\/wp\/v2\/pages\/34"}],"wp:attachment":[{"href":"https:\/\/www.jeunessesmusicales.be\/charleroimetropole\/wp-json\/wp\/v2\/media?parent=36"}],"curies":[{"name":"wp","href":"https:\/\/api.w.org\/{rel}","templated":true}]}}