{"id":3757,"date":"2026-03-06T12:22:51","date_gmt":"2026-03-06T11:22:51","guid":{"rendered":"https:\/\/www.jeunessesmusicales.be\/monsborinage\/?page_id=3757"},"modified":"2026-04-01T15:37:22","modified_gmt":"2026-04-01T13:37:22","slug":"culture-crew","status":"publish","type":"page","link":"https:\/\/www.jeunessesmusicales.be\/monsborinage\/culture-crew\/","title":{"rendered":"Les \u00e9l\u00e8ves au c\u0153ur de l\u2019organisation d\u2019un concert JM"},"content":{"rendered":"<h1 style=\"text-align: center;\" data-section-id=\"1938tej\" data-start=\"324\" data-end=\"357\"><a rel=\"fancybox[3757]\" href=\"https:\/\/www.jeunessesmusicales.be\/monsborinage\/wp-content\/uploads\/sites\/3\/2026\/03\/Capture-decran-2026-03-06-115547.png\" class=\"fancybox\"><img loading=\"lazy\" decoding=\"async\" class=\"alignnone size-full wp-image-3758\" src=\"https:\/\/www.jeunessesmusicales.be\/monsborinage\/wp-content\/uploads\/sites\/3\/2026\/03\/Capture-decran-2026-03-06-115547.png\" alt=\"\" width=\"428\" height=\"164\" srcset=\"https:\/\/www.jeunessesmusicales.be\/monsborinage\/wp-content\/uploads\/sites\/3\/2026\/03\/Capture-decran-2026-03-06-115547.png 428w, https:\/\/www.jeunessesmusicales.be\/monsborinage\/wp-content\/uploads\/sites\/3\/2026\/03\/Capture-decran-2026-03-06-115547-300x115.png 300w, https:\/\/www.jeunessesmusicales.be\/monsborinage\/wp-content\/uploads\/sites\/3\/2026\/03\/Capture-decran-2026-03-06-115547-150x57.png 150w\" sizes=\"auto, (max-width: 428px) 100vw, 428px\" \/><\/a><\/h1>\n<p style=\"text-align: center;\" data-start=\"415\" data-end=\"567\">Les <strong data-start=\"419\" data-end=\"442\">Jeunesses Musicales<\/strong> proposent aux \u00e9l\u00e8ves une exp\u00e9rience unique : <strong data-start=\"488\" data-end=\"564\">organiser un concert dans leur \u00e9cole avec des artistes de la sc\u00e8ne belge<\/strong>.<\/p>\n<p style=\"text-align: center;\" data-start=\"569\" data-end=\"756\">Encadr\u00e9\u00b7es par leurs enseignant\u00b7es, les artistes et des professionnel\u00b7les du secteur culturel, les jeunes participent \u00e0 <strong data-start=\"689\" data-end=\"720\">toutes les \u00e9tapes du projet<\/strong>, de la conception \u00e0 la r\u00e9alisation.<\/p>\n<p style=\"text-align: center;\" data-start=\"758\" data-end=\"916\">Inspir\u00e9 du mod\u00e8le des <em data-start=\"780\" data-end=\"794\">Culture Crew<\/em> d\u00e9velopp\u00e9 dans le nord de l\u2019Europe, ce projet plonge les \u00e9l\u00e8ves dans <strong data-start=\"864\" data-end=\"913\">le monde de la culture et du spectacle vivant<\/strong>.<\/p>\n<p style=\"text-align: center;\" data-start=\"918\" data-end=\"1101\">\u00c0 la fin du projet, les participant\u00b7es peuvent obtenir <strong data-start=\"973\" data-end=\"1017\">un certificat valorisant leur exp\u00e9rience<\/strong>, qui peut leur ouvrir des opportunit\u00e9s lors d\u2019\u00e9v\u00e9nements culturels ou de festivals.<\/p>\n<hr data-start=\"1103\" data-end=\"1106\" \/>\n<h2 data-section-id=\"i9i2fs\" data-start=\"1108\" data-end=\"1133\"><strong><span style=\"color: #f5883b;\"><a rel=\"fancybox[3757]\" href=\"https:\/\/www.jeunessesmusicales.be\/monsborinage\/wp-content\/uploads\/sites\/3\/2026\/03\/Capture-decran-2026-03-06-121219.png\" class=\"fancybox\"><img loading=\"lazy\" decoding=\"async\" class=\"alignnone wp-image-3769\" src=\"https:\/\/www.jeunessesmusicales.be\/monsborinage\/wp-content\/uploads\/sites\/3\/2026\/03\/Capture-decran-2026-03-06-121219.png\" alt=\"\" width=\"52\" height=\"48\" srcset=\"https:\/\/www.jeunessesmusicales.be\/monsborinage\/wp-content\/uploads\/sites\/3\/2026\/03\/Capture-decran-2026-03-06-121219.png 488w, https:\/\/www.jeunessesmusicales.be\/monsborinage\/wp-content\/uploads\/sites\/3\/2026\/03\/Capture-decran-2026-03-06-121219-300x276.png 300w, https:\/\/www.jeunessesmusicales.be\/monsborinage\/wp-content\/uploads\/sites\/3\/2026\/03\/Capture-decran-2026-03-06-121219-114x105.png 114w\" sizes=\"auto, (max-width: 52px) 100vw, 52px\" \/> <\/a>Objectifs du projet<a rel=\"fancybox[3757]\" href=\"https:\/\/www.jeunessesmusicales.be\/monsborinage\/wp-content\/uploads\/sites\/3\/2026\/03\/Capture-decran-2026-03-06-115532.png\" class=\"fancybox\"><img loading=\"lazy\" decoding=\"async\" class=\" wp-image-3759 alignright\" src=\"https:\/\/www.jeunessesmusicales.be\/monsborinage\/wp-content\/uploads\/sites\/3\/2026\/03\/Capture-decran-2026-03-06-115532.png\" alt=\"\" width=\"558\" height=\"370\" srcset=\"https:\/\/www.jeunessesmusicales.be\/monsborinage\/wp-content\/uploads\/sites\/3\/2026\/03\/Capture-decran-2026-03-06-115532.png 427w, https:\/\/www.jeunessesmusicales.be\/monsborinage\/wp-content\/uploads\/sites\/3\/2026\/03\/Capture-decran-2026-03-06-115532-300x199.png 300w, https:\/\/www.jeunessesmusicales.be\/monsborinage\/wp-content\/uploads\/sites\/3\/2026\/03\/Capture-decran-2026-03-06-115532-150x99.png 150w\" sizes=\"auto, (max-width: 558px) 100vw, 558px\" \/><\/a><\/span><\/strong><\/h2>\n<h2 data-section-id=\"i9i2fs\" data-start=\"1108\" data-end=\"1133\"><\/h2>\n<p data-start=\"1135\" data-end=\"1166\">Le projet Culture Crew vise \u00e0 :<\/p>\n<ul data-start=\"1168\" data-end=\"1563\">\n<li data-section-id=\"njql32\" data-start=\"1168\" data-end=\"1252\">\n<p data-start=\"1170\" data-end=\"1252\">int\u00e9grer la <strong data-start=\"1182\" data-end=\"1214\">culture dans la vie scolaire<\/strong> en impliquant activement les \u00e9l\u00e8ves<\/p>\n<\/li>\n<li data-section-id=\"14n92b4\" data-start=\"1253\" data-end=\"1304\">\n<p data-start=\"1255\" data-end=\"1304\">d\u00e9velopper <strong data-start=\"1266\" data-end=\"1302\">la responsabilit\u00e9 et l\u2019autonomie<\/strong><\/p>\n<\/li>\n<li data-section-id=\"14iuowf\" data-start=\"1305\" data-end=\"1360\">\n<p data-start=\"1307\" data-end=\"1360\">faire d\u00e9couvrir <strong data-start=\"1323\" data-end=\"1358\">les m\u00e9tiers du secteur culturel<\/strong><\/p>\n<\/li>\n<li data-section-id=\"4x5ayn\" data-start=\"1361\" data-end=\"1414\">\n<p data-start=\"1363\" data-end=\"1414\">acqu\u00e9rir des comp\u00e9tences en <strong data-start=\"1391\" data-end=\"1412\">gestion de projet<\/strong><\/p>\n<\/li>\n<li data-section-id=\"3ej2p0\" data-start=\"1415\" data-end=\"1481\">\n<p data-start=\"1417\" data-end=\"1481\">encourager <strong data-start=\"1428\" data-end=\"1479\">la cr\u00e9ativit\u00e9, la collaboration et l\u2019initiative<\/strong><\/p>\n<\/li>\n<li data-section-id=\"1bnev49\" data-start=\"1482\" data-end=\"1563\">\n<p data-start=\"1484\" data-end=\"1563\">sensibiliser les jeunes aux <strong data-start=\"1512\" data-end=\"1563\">enjeux de l\u2019organisation d\u2019\u00e9v\u00e9nements culturels<\/strong><\/p>\n<\/li>\n<\/ul>\n<hr data-start=\"1565\" data-end=\"1568\" \/>\n<h2 data-section-id=\"65kgxd\" data-start=\"1570\" data-end=\"1589\"><span style=\"color: #f5883b;\"><strong><a rel=\"fancybox[3757]\" href=\"https:\/\/www.jeunessesmusicales.be\/monsborinage\/wp-content\/uploads\/sites\/3\/2026\/03\/ChatGPT-Image-6-mars-2026-12_08_42.png\" class=\"fancybox\"><img loading=\"lazy\" decoding=\"async\" class=\"alignnone wp-image-3766\" src=\"https:\/\/www.jeunessesmusicales.be\/monsborinage\/wp-content\/uploads\/sites\/3\/2026\/03\/ChatGPT-Image-6-mars-2026-12_08_42.png\" alt=\"\" width=\"72\" height=\"48\" srcset=\"https:\/\/www.jeunessesmusicales.be\/monsborinage\/wp-content\/uploads\/sites\/3\/2026\/03\/ChatGPT-Image-6-mars-2026-12_08_42.png 1536w, https:\/\/www.jeunessesmusicales.be\/monsborinage\/wp-content\/uploads\/sites\/3\/2026\/03\/ChatGPT-Image-6-mars-2026-12_08_42-300x200.png 300w, https:\/\/www.jeunessesmusicales.be\/monsborinage\/wp-content\/uploads\/sites\/3\/2026\/03\/ChatGPT-Image-6-mars-2026-12_08_42-1024x683.png 1024w, https:\/\/www.jeunessesmusicales.be\/monsborinage\/wp-content\/uploads\/sites\/3\/2026\/03\/ChatGPT-Image-6-mars-2026-12_08_42-768x512.png 768w, https:\/\/www.jeunessesmusicales.be\/monsborinage\/wp-content\/uploads\/sites\/3\/2026\/03\/ChatGPT-Image-6-mars-2026-12_08_42-150x100.png 150w, https:\/\/www.jeunessesmusicales.be\/monsborinage\/wp-content\/uploads\/sites\/3\/2026\/03\/ChatGPT-Image-6-mars-2026-12_08_42-290x190.png 290w, https:\/\/www.jeunessesmusicales.be\/monsborinage\/wp-content\/uploads\/sites\/3\/2026\/03\/ChatGPT-Image-6-mars-2026-12_08_42-530x347.png 530w\" sizes=\"auto, (max-width: 72px) 100vw, 72px\" \/><\/a>Les 4 \u00e9quipes<\/strong><\/span><\/h2>\n<p data-start=\"1591\" data-end=\"1734\">Les \u00e9l\u00e8ves se r\u00e9partissent en <strong data-start=\"1621\" data-end=\"1639\">quatre \u00e9quipes<\/strong>, chacune encadr\u00e9e par un\u00b7e enseignant\u00b7e r\u00e9f\u00e9rent\u00b7e et accompagn\u00e9e par les Jeunesses Musicales.<\/p>\n<table style=\"border-collapse: collapse; width: 100%;\">\n<tbody>\n<tr>\n<td style=\"width: 25%;\">\n<h3 data-section-id=\"2snbrn\" data-start=\"1736\" data-end=\"1758\"><strong>Welcome Crew<\/strong><\/h3>\n<ul data-start=\"1759\" data-end=\"1852\">\n<li data-section-id=\"18z6fbl\" data-start=\"1759\" data-end=\"1783\">\n<p data-start=\"1761\" data-end=\"1783\">accueil des artistes<\/p>\n<\/li>\n<li data-section-id=\"ni5lzp\" data-start=\"1784\" data-end=\"1805\">\n<p data-start=\"1786\" data-end=\"1805\">gestion du public<\/p>\n<\/li>\n<li data-section-id=\"158sm9s\" data-start=\"1806\" data-end=\"1852\">\n<p data-start=\"1808\" data-end=\"1852\">organisation logistique le jour du concert<\/p>\n<\/li>\n<\/ul>\n<\/td>\n<td style=\"width: 25%;\">\n<h3 data-section-id=\"14i93uf\" data-start=\"1854\" data-end=\"1872\"><strong>Comm Crew<\/strong><\/h3>\n<ul data-start=\"1873\" data-end=\"1999\">\n<li data-section-id=\"1mciks9\" data-start=\"1873\" data-end=\"1914\">\n<p data-start=\"1875\" data-end=\"1914\">communication et promotion du concert<\/p>\n<\/li>\n<li data-section-id=\"7obwq4\" data-start=\"1915\" data-end=\"1946\">\n<p data-start=\"1917\" data-end=\"1946\">gestion des r\u00e9seaux sociaux<\/p>\n<\/li>\n<li data-section-id=\"sowxb7\" data-start=\"1947\" data-end=\"1999\">\n<p data-start=\"1949\" data-end=\"1999\">cr\u00e9ation de visuels et supports de communication<\/p>\n<\/li>\n<\/ul>\n<\/td>\n<td style=\"width: 25%;\">\n<h3 data-section-id=\"17q3o4x\" data-start=\"2001\" data-end=\"2022\"><strong>Techni Crew<\/strong><\/h3>\n<ul data-start=\"2023\" data-end=\"2130\">\n<li data-section-id=\"58ladz\" data-start=\"2023\" data-end=\"2056\">\n<p data-start=\"2025\" data-end=\"2056\">aspects techniques du concert<\/p>\n<\/li>\n<li data-section-id=\"1gl60jk\" data-start=\"2057\" data-end=\"2073\">\n<p data-start=\"2059\" data-end=\"2073\">sonorisation<\/p>\n<\/li>\n<li data-section-id=\"1j0bo1l\" data-start=\"2074\" data-end=\"2086\">\n<p data-start=\"2076\" data-end=\"2086\">lumi\u00e8res<\/p>\n<\/li>\n<li data-section-id=\"1msunoo\" data-start=\"2087\" data-end=\"2130\">\n<p data-start=\"2089\" data-end=\"2130\">installation de la sc\u00e8ne et du mat\u00e9riel<\/p>\n<\/li>\n<\/ul>\n<\/td>\n<td style=\"width: 25%;\">\n<h3 data-section-id=\"a865vd\" data-start=\"2132\" data-end=\"2154\"><strong>Sponsors Crew<\/strong><\/h3>\n<ul data-start=\"2155\" data-end=\"2248\">\n<li data-section-id=\"9n75vi\" data-start=\"2155\" data-end=\"2211\">\n<p data-start=\"2157\" data-end=\"2211\">recherche de soutiens et partenariats non financiers<\/p>\n<\/li>\n<li data-section-id=\"2dt6ab\" data-start=\"2212\" data-end=\"2248\">\n<p data-start=\"2214\" data-end=\"2248\">contacts avec des acteurs locaux<\/p>\n<\/li>\n<\/ul>\n<\/td>\n<\/tr>\n<\/tbody>\n<\/table>\n<hr data-start=\"2250\" data-end=\"2253\" \/>\n<h2 data-section-id=\"27rnlr\" data-start=\"2255\" data-end=\"2286\"><strong><span style=\"color: #f5883b;\"><a rel=\"fancybox[3757]\" href=\"https:\/\/www.jeunessesmusicales.be\/monsborinage\/wp-content\/uploads\/sites\/3\/2026\/03\/Capture-decran-2026-03-06-121439.png\" class=\"fancybox\"><img loading=\"lazy\" decoding=\"async\" class=\"alignnone wp-image-3773\" src=\"https:\/\/www.jeunessesmusicales.be\/monsborinage\/wp-content\/uploads\/sites\/3\/2026\/03\/Capture-decran-2026-03-06-121439.png\" alt=\"\" width=\"72\" height=\"47\" srcset=\"https:\/\/www.jeunessesmusicales.be\/monsborinage\/wp-content\/uploads\/sites\/3\/2026\/03\/Capture-decran-2026-03-06-121439.png 382w, https:\/\/www.jeunessesmusicales.be\/monsborinage\/wp-content\/uploads\/sites\/3\/2026\/03\/Capture-decran-2026-03-06-121439-300x196.png 300w, https:\/\/www.jeunessesmusicales.be\/monsborinage\/wp-content\/uploads\/sites\/3\/2026\/03\/Capture-decran-2026-03-06-121439-150x98.png 150w, https:\/\/www.jeunessesmusicales.be\/monsborinage\/wp-content\/uploads\/sites\/3\/2026\/03\/Capture-decran-2026-03-06-121439-290x190.png 290w\" sizes=\"auto, (max-width: 72px) 100vw, 72px\" \/><\/a> B\u00e9n\u00e9fices pour les \u00e9l\u00e8ves<a rel=\"fancybox[3757]\" href=\"mailto:n.maistriau@jeunessesmusicales.be\" target=\"_blank\" rel=\"noopener\"><img loading=\"lazy\" decoding=\"async\" class=\"alignright wp-image-3778\" src=\"https:\/\/www.jeunessesmusicales.be\/monsborinage\/wp-content\/uploads\/sites\/3\/2026\/03\/Plus-dinformations-ici.png\" alt=\"\" width=\"346\" height=\"346\" \/ class=\"fancybox\" srcset=\"https:\/\/www.jeunessesmusicales.be\/monsborinage\/wp-content\/uploads\/sites\/3\/2026\/03\/Plus-dinformations-ici.png 500w, https:\/\/www.jeunessesmusicales.be\/monsborinage\/wp-content\/uploads\/sites\/3\/2026\/03\/Plus-dinformations-ici-300x300.png 300w, https:\/\/www.jeunessesmusicales.be\/monsborinage\/wp-content\/uploads\/sites\/3\/2026\/03\/Plus-dinformations-ici-150x150.png 150w, https:\/\/www.jeunessesmusicales.be\/monsborinage\/wp-content\/uploads\/sites\/3\/2026\/03\/Plus-dinformations-ici-105x105.png 105w, https:\/\/www.jeunessesmusicales.be\/monsborinage\/wp-content\/uploads\/sites\/3\/2026\/03\/Plus-dinformations-ici-200x200.png 200w\" sizes=\"auto, (max-width: 346px) 100vw, 346px\" \/><\/a><\/span><\/strong><\/h2>\n<p data-start=\"2288\" data-end=\"2336\">Participer \u00e0 Culture Crew permet aux jeunes de :<\/p>\n<ul data-start=\"2338\" data-end=\"2718\">\n<li data-section-id=\"zbv17t\" data-start=\"2338\" data-end=\"2399\">\n<p data-start=\"2340\" data-end=\"2399\">prendre part \u00e0 <strong data-start=\"2355\" data-end=\"2397\">un projet culturel concret et motivant<\/strong><\/p>\n<\/li>\n<li data-section-id=\"10b3fxf\" data-start=\"2400\" data-end=\"2488\">\n<p data-start=\"2402\" data-end=\"2488\">d\u00e9velopper des comp\u00e9tences en <strong data-start=\"2432\" data-end=\"2486\">communication, gestion et technique \u00e9v\u00e9nementielle<\/strong><\/p>\n<\/li>\n<li data-section-id=\"geu9ms\" data-start=\"2489\" data-end=\"2539\">\n<p data-start=\"2491\" data-end=\"2539\">renforcer <strong data-start=\"2501\" data-end=\"2537\">leur confiance et leur autonomie<\/strong><\/p>\n<\/li>\n<li data-section-id=\"1b9l3mm\" data-start=\"2540\" data-end=\"2599\">\n<p data-start=\"2542\" data-end=\"2599\">d\u00e9couvrir <strong data-start=\"2552\" data-end=\"2597\">les m\u00e9tiers du spectacle et de la culture<\/strong><\/p>\n<\/li>\n<li data-section-id=\"g48k0i\" data-start=\"2600\" data-end=\"2667\">\n<p data-start=\"2602\" data-end=\"2667\">rencontrer <strong data-start=\"2613\" data-end=\"2665\">des artistes et des professionnel\u00b7les du secteur<\/strong><\/p>\n<\/li>\n<li data-section-id=\"17m1nht\" data-start=\"2668\" data-end=\"2718\">\n<p data-start=\"2670\" data-end=\"2718\">obtenir <strong data-start=\"2678\" data-end=\"2718\">une exp\u00e9rience certifi\u00e9e valorisable<\/strong><\/p>\n<\/li>\n<\/ul>\n<hr data-start=\"2720\" data-end=\"2723\" \/>\n<h2 data-section-id=\"2ots1v\" data-start=\"2725\" data-end=\"2770\"><span style=\"color: #f5883b;\"><strong><a rel=\"fancybox[3757]\" href=\"https:\/\/www.jeunessesmusicales.be\/monsborinage\/wp-content\/uploads\/sites\/3\/2026\/03\/Capture-decran-2026-03-06-121835.png\" class=\"fancybox\"><img loading=\"lazy\" decoding=\"async\" class=\"alignnone wp-image-3776\" src=\"https:\/\/www.jeunessesmusicales.be\/monsborinage\/wp-content\/uploads\/sites\/3\/2026\/03\/Capture-decran-2026-03-06-121835.png\" alt=\"\" width=\"55\" height=\"56\" srcset=\"https:\/\/www.jeunessesmusicales.be\/monsborinage\/wp-content\/uploads\/sites\/3\/2026\/03\/Capture-decran-2026-03-06-121835.png 151w, https:\/\/www.jeunessesmusicales.be\/monsborinage\/wp-content\/uploads\/sites\/3\/2026\/03\/Capture-decran-2026-03-06-121835-150x150.png 150w, https:\/\/www.jeunessesmusicales.be\/monsborinage\/wp-content\/uploads\/sites\/3\/2026\/03\/Capture-decran-2026-03-06-121835-103x105.png 103w\" sizes=\"auto, (max-width: 55px) 100vw, 55px\" \/><\/a>\u00a0Avantages pour l\u2019\u00e9tablissement scolaire<a rel=\"fancybox[3757]\" href=\"mailto:m.maistriau@jeunessesmusicales.be\"><img loading=\"lazy\" decoding=\"async\" class=\" wp-image-3792 alignright\" src=\"https:\/\/www.jeunessesmusicales.be\/monsborinage\/wp-content\/uploads\/sites\/3\/2026\/03\/Capture-decran-2026-03-19-150527.png\" alt=\"\" width=\"522\" height=\"270\" \/ class=\"fancybox\" srcset=\"https:\/\/www.jeunessesmusicales.be\/monsborinage\/wp-content\/uploads\/sites\/3\/2026\/03\/Capture-decran-2026-03-19-150527.png 884w, https:\/\/www.jeunessesmusicales.be\/monsborinage\/wp-content\/uploads\/sites\/3\/2026\/03\/Capture-decran-2026-03-19-150527-300x155.png 300w, https:\/\/www.jeunessesmusicales.be\/monsborinage\/wp-content\/uploads\/sites\/3\/2026\/03\/Capture-decran-2026-03-19-150527-768x397.png 768w, https:\/\/www.jeunessesmusicales.be\/monsborinage\/wp-content\/uploads\/sites\/3\/2026\/03\/Capture-decran-2026-03-19-150527-150x78.png 150w\" sizes=\"auto, (max-width: 522px) 100vw, 522px\" \/><\/a><\/strong><\/span><\/h2>\n<p data-start=\"2772\" data-end=\"2804\">Pour l\u2019\u00e9cole, Culture Crew est :<\/p>\n<ul data-start=\"2806\" data-end=\"3161\">\n<li data-section-id=\"1e2pv4y\" data-start=\"2806\" data-end=\"2862\">\n<p data-start=\"2808\" data-end=\"2862\">un <strong data-start=\"2811\" data-end=\"2860\">projet p\u00e9dagogique structurant et cl\u00e9 en main<\/strong><\/p>\n<\/li>\n<li data-section-id=\"gym6vo\" data-start=\"2863\" data-end=\"2947\">\n<p data-start=\"2865\" data-end=\"2947\">une mani\u00e8re d\u2019<strong data-start=\"2879\" data-end=\"2945\">impliquer les \u00e9l\u00e8ves dans la vie culturelle de l\u2019\u00e9tablissement<\/strong><\/p>\n<\/li>\n<li data-section-id=\"y7ikcn\" data-start=\"2948\" data-end=\"3018\">\n<p data-start=\"2950\" data-end=\"3018\">un outil pour <strong data-start=\"2964\" data-end=\"3016\">favoriser la coh\u00e9sion, l\u2019entraide et le dialogue<\/strong><\/p>\n<\/li>\n<li data-section-id=\"1sdltwq\" data-start=\"3019\" data-end=\"3087\">\n<p data-start=\"3021\" data-end=\"3087\">un projet <strong data-start=\"3031\" data-end=\"3085\">accompagn\u00e9 par des professionnel\u00b7les de la culture<\/strong><\/p>\n<\/li>\n<li data-section-id=\"cx4cx7\" data-start=\"3088\" data-end=\"3161\">\n<p data-start=\"3090\" data-end=\"3161\">une activit\u00e9 qui peut s\u2019int\u00e9grer aux <strong data-start=\"3127\" data-end=\"3161\">objectifs p\u00e9dagogiques du PECA<\/strong><\/p>\n<\/li>\n<\/ul>\n","protected":false},"excerpt":{"rendered":"<p>Les Jeunesses Musicales proposent aux \u00e9l\u00e8ves une exp\u00e9rience unique : organiser un concert dans leur \u00e9cole avec des artistes de &hellip; <a href=\"https:\/\/www.jeunessesmusicales.be\/monsborinage\/culture-crew\/\" class=\"more-link\">Continue reading <span class=\"screen-reader-text\">Les \u00e9l\u00e8ves au c\u0153ur de l\u2019organisation d\u2019un concert JM<\/span><\/a><\/p>\n","protected":false},"author":21,"featured_media":3758,"parent":0,"menu_order":0,"comment_status":"closed","ping_status":"closed","template":"","meta":{"_acf_changed":false,"footnotes":""},"class_list":["post-3757","page","type-page","status-publish","has-post-thumbnail","hentry"],"acf":[],"_links":{"self":[{"href":"https:\/\/www.jeunessesmusicales.be\/monsborinage\/wp-json\/wp\/v2\/pages\/3757","targetHints":{"allow":["GET"]}}],"collection":[{"href":"https:\/\/www.jeunessesmusicales.be\/monsborinage\/wp-json\/wp\/v2\/pages"}],"about":[{"href":"https:\/\/www.jeunessesmusicales.be\/monsborinage\/wp-json\/wp\/v2\/types\/page"}],"author":[{"embeddable":true,"href":"https:\/\/www.jeunessesmusicales.be\/monsborinage\/wp-json\/wp\/v2\/users\/21"}],"replies":[{"embeddable":true,"href":"https:\/\/www.jeunessesmusicales.be\/monsborinage\/wp-json\/wp\/v2\/comments?post=3757"}],"version-history":[{"count":18,"href":"https:\/\/www.jeunessesmusicales.be\/monsborinage\/wp-json\/wp\/v2\/pages\/3757\/revisions"}],"predecessor-version":[{"id":3829,"href":"https:\/\/www.jeunessesmusicales.be\/monsborinage\/wp-json\/wp\/v2\/pages\/3757\/revisions\/3829"}],"wp:featuredmedia":[{"embeddable":true,"href":"https:\/\/www.jeunessesmusicales.be\/monsborinage\/wp-json\/wp\/v2\/media\/3758"}],"wp:attachment":[{"href":"https:\/\/www.jeunessesmusicales.be\/monsborinage\/wp-json\/wp\/v2\/media?parent=3757"}],"curies":[{"name":"wp","href":"https:\/\/api.w.org\/{rel}","templated":true}]}}