{"id":49,"date":"2015-10-15T14:53:33","date_gmt":"2015-10-15T13:53:33","guid":{"rendered":"http:\/\/www.jeunessesmusicales.be\/namur\/?page_id=49"},"modified":"2026-04-01T11:22:41","modified_gmt":"2026-04-01T09:22:41","slug":"concerts-a-lecole","status":"publish","type":"page","link":"https:\/\/www.jeunessesmusicales.be\/namur\/activites-a-lecole\/concerts-a-lecole\/","title":{"rendered":"Concerts \u00e0 l&rsquo;\u00e9cole"},"content":{"rendered":"<p><em>Chaque ann\u00e9e, des dizaines de projets musicaux professionnels belges et internationaux sont s\u00e9lectionn\u00e9s par les Jeunesses Musicales. Ludiques, \u00e9ducatifs, amusants, cr\u00e9atifs, ces projets donnent lieu \u00e0 des concerts scolaires captivants, avec un encadrement p\u00e9dagogique de qualit\u00e9. Les artistes jouent dans les \u00e9coles, s\u2019adressent aux jeunes, r\u00e9pondent \u00e0 leurs questions et les emm\u00e8nent \u00e0 la d\u00e9couverte de mondes nouveaux&#8230;<\/em><\/p>\n<p style=\"text-align: center;\"><strong>Pour l&rsquo;organisation de vos concerts, n&rsquo;h\u00e9sitez pas \u00e0 prendre contact avec nous et \u00e0 nous faire part de vos desiderata et de vos possibilit\u00e9s : nous serons \u00e0 m\u00eame de vous faire une proposition ad\u00e9quate !<\/strong><\/p>\n<p style=\"text-align: center;\"><strong>g.carpentier@jeunessesmusicales.be &#8211; 081\/ 74 63 53<\/strong><\/p>\n<h5><strong>D\u00e9couvrez ICI <a href=\"https:\/\/jeunessesmusicales.be\/blog\/category\/artistes\/saisons\/saison-25-26\/\">LES ARTISTES 2025-2026<\/a>\u00a0ou <a href=\"https:\/\/jeunessesmusicales.be\/wp-content\/uploads\/2025\/04\/JM_Brochure_2025-2026.pdf\">T\u00c9L\u00c9CHARGEZ LA BROCHURE<\/a>.<\/strong><\/h5>\n<h5><strong>Vous trouverez d\u00e9j\u00e0 <a href=\"https:\/\/jeunessesmusicales.be\/blog\/category\/artistes\/saisons\/saison-26-27\/\">ICI LES ARTISTES 2026-2027<\/a> ainsi que <a href=\"https:\/\/www.jeunessesmusicales.be\/namur\/wp-content\/uploads\/sites\/2\/2026\/04\/C_WEB_BROCHURE_26-27.pdf\">LA BROCHURE<\/a> !<\/strong><\/h5>\n<p>&nbsp;<\/p>\n<p>Informations compl\u00e9mentaires:<\/p>\n<p><span style=\"color: #ef3740;\">LES TOURN\u00c9ES JM \u2013 UNE RESSOURCE ARTISTIQUE ET P\u00c9DAGOGIQUE \u00c0 DESTINATION DES PROFESSIONNELS DU SECTEUR<\/span><\/p>\n<p>Chaque saison, la F\u00e9d\u00e9ration des Jeunesses Musicales Wallonie-Bruxelles propose une programmation mettant \u00e0 la disposition des acteurs des terrains scolaire, extra-scolaire et culturel des ressources artistiques et p\u00e9dagogiques de qualit\u00e9, diversifi\u00e9es, \u00e2prement s\u00e9lectionn\u00e9es et adapt\u00e9es \u00e0 leurs besoins.<\/p>\n<p>Parmi les nombreuses activit\u00e9s propos\u00e9es par les Jeunesses Musicales, les tourn\u00e9es JM occupent une place de choix. Les artistes professionnels qui les r\u00e9alisent sont choisis pour :<\/p>\n<p>La qualit\u00e9 artistique de leur projet<br \/>\nL\u2019originalit\u00e9 de sa forme : le projet est-il s\u00e9duisant, surprenant sur le plan formel ?<br \/>\nLa qualit\u00e9 de m\u00e9diation culturelle des artistes : leur qualit\u00e9 de communication et de transmission, comment entrent-ils en interaction avec le public et le font-ils participer ?<br \/>\nLe potentiel de d\u00e9veloppement p\u00e9dagogique de leur projet : comment le projet peut-il \u00eatre exploit\u00e9 en classe au sein\/en compl\u00e9ment de l\u2019un ou l\u2019autre cours ?<br \/>\nLe potentiel de d\u00e9couverte extra-artistique de celui-ci : le projet permet-il l\u2019\u00e9vocation de th\u00e9matiques\/probl\u00e9matiques de soci\u00e9t\u00e9, de questions culturelles, soutient-il des valeurs citoyennes\u2026 ?<\/p>\n<p><span style=\"color: #ef3740;\">LES TOURN\u00c9ES JM \u2013 LES OBJECTIFS<\/span><\/p>\n<p>Permettre la d\u00e9couverte d\u2019un large \u00e9ventail d\u2019expressions musicales d\u2019ici et d\u2019ailleurs, anciennes ou contemporaines.<br \/>\nSensibiliser le public le plus large (et particuli\u00e8rement les enfants et les jeunes) \u00e0 d\u2019autres cultures, modes de vie, traditions, r\u00e9alit\u00e9s sociales, etc. gr\u00e2ce \u00e0 une rencontre vivante \u00e0 dimension humaine avec les artistes.<br \/>\n\u00catre un outil performant adapt\u00e9 \u00e0 toute d\u00e9marche culturelle, \u00e9ducative, citoyenne, qu\u2019elle soit port\u00e9e par un enseignant, une \u00e9quipe \u00e9ducative, une structure culturelle, un mouvement associatif, etc.<br \/>\nContribuer \u00e0 l\u2019\u00e9panouissement artistique et \u00e0 la reconnaissance professionnelle de jeunes talents.<br \/>\nProposer aux enfants et aux jeunes un regard actif sur le monde de la musique et les aider \u00e0 d\u00e9velopper leur sens critique.<\/p>\n<p><span style=\"color: #ef3740;\">LES TOURN\u00c9ES JM \u2013 LA BROCHURE\/SAISON<\/span><\/p>\n<p>Cette brochure ne proc\u00e8de en rien d\u2019une d\u00e9marche d\u2019agence d\u2019artistes, mais constitue l\u2019\u00e9l\u00e9ment d\u2019une action culturelle, \u00e9ducative et citoyenne que les Jeunesses Musicales veulent accessible au plus grand nombre, souple, mobile, avec un minimum de contraintes techniques et au meilleur tarif.<\/p>\n<p><span style=\"color: #ef3740;\">LES TOURN\u00c9ES JM \u2013 LA D\u00c9MARCHE P\u00c9DAGOGIQUE<\/span><\/p>\n<p>L\u2019accompagnement p\u00e9dagogique fait partie int\u00e9grante de la d\u00e9marche artistique des Jeunesses Musicales. Ainsi, pour chaque tourn\u00e9e, nous mettons \u00e0 la disposition des enseignants ou des encadrants des ressources p\u00e9dagogiques en libre acc\u00e8s ainsi que des extraits sonores du projet. Le dossier p\u00e9dagogique \u00e9voque le projet musical, en propose des pistes d\u2019exploitations, des \u00e9l\u00e9ments biographiques, discographiques, etc. Il est une mani\u00e8re d\u2019appr\u00e9hender au mieux le spectacle et l\u2019inscrire dans un parcours \u00e9ducatif coh\u00e9rent.<\/p>\n<p><span style=\"color: #ef3740;\">LES TOURN\u00c9ES JM \u2013 EN PRATIQUE<\/span><\/p>\n<p>En milieu scolaire, le concert p\u00e9dagogique se d\u00e9roule le plus souvent au sein m\u00eame de l\u2019\u00e9tablissement, avec une organisation technique g\u00e9n\u00e9ralement autonome.<br \/>\nSa dur\u00e9e est de 50 minutes.<br \/>\nLa jauge recommand\u00e9e pour les auditeurs est de 120 \u00e0 150, selon les groupes (sauf dispositions particuli\u00e8res li\u00e9es aux sp\u00e9cificit\u00e9s du projet).<br \/>\nL\u2019activit\u00e9 requiert une bonne qualit\u00e9 d\u2019accueil. Nous vous invitons donc \u00e0 prendre connaissance des quelques r\u00e8gles d\u2019or ci-dessous.<\/p>\n<p><span style=\"color: #ef3740;\">LES TOURN\u00c9ES JM \u2013 LES QUELQUES R\u00c8GLES D\u2019OR D\u2019UN BON ACCUEIL<\/span><\/p>\n<p>Les Jeunesses Musicales sont aid\u00e9es par les pouvoirs publics pour d\u00e9fendre un projet culturel, \u00e9ducatif et citoyen, particuli\u00e8rement (mais pas exclusivement) adapt\u00e9 au milieu scolaire.<br \/>\nLes tourn\u00e9es JM ne constituent pas un \u00abproduit \u00e0 consommer passivement\u00bb. La s\u00e9lection des artistes a \u00e9t\u00e9 soigneusement pens\u00e9e et constitue la mise en \u0153uvre de ce projet apte \u00e0 rayonner le mieux possible.<br \/>\nChaque tourn\u00e9e se bonifie toujours d\u2019\u00eatre plac\u00e9e dans un cheminement p\u00e9dagogique global, vivant, dynamique et moderne et de recevoir l\u2019adh\u00e9sion active notamment suscit\u00e9e par les dossiers p\u00e9dagogiques.<br \/>\nMerci de penser aussi aux aspects li\u00e9s \u00e0 l\u2019organisation : un lieu bien appropri\u00e9, propre et chauff\u00e9, un bon accueil des artistes, une collation bienvenue apr\u00e8s souvent un long voyage et avant une activit\u00e9 parfois bien exigeante, les aides \u00e0 l\u2019installation et au rangement, des loges si possible, un repas pour les artistes, etc.<\/p>\n","protected":false},"excerpt":{"rendered":"<p>Chaque ann\u00e9e, des dizaines de projets musicaux professionnels belges et internationaux sont s\u00e9lectionn\u00e9s par les Jeunesses Musicales. Ludiques, \u00e9ducatifs, amusants, &hellip; <a href=\"https:\/\/www.jeunessesmusicales.be\/namur\/activites-a-lecole\/concerts-a-lecole\/\" class=\"more-link\">Continue reading <span class=\"screen-reader-text\">Concerts \u00e0 l&rsquo;\u00e9cole<\/span><\/a><\/p>\n","protected":false},"author":2,"featured_media":0,"parent":45,"menu_order":0,"comment_status":"closed","ping_status":"closed","template":"","meta":{"_acf_changed":false,"om_disable_all_campaigns":false,"_monsterinsights_skip_tracking":false,"_monsterinsights_sitenote_active":false,"_monsterinsights_sitenote_note":"","_monsterinsights_sitenote_category":0,"footnotes":""},"class_list":["post-49","page","type-page","status-publish","hentry"],"acf":[],"aioseo_notices":[],"_links":{"self":[{"href":"https:\/\/www.jeunessesmusicales.be\/namur\/wp-json\/wp\/v2\/pages\/49","targetHints":{"allow":["GET"]}}],"collection":[{"href":"https:\/\/www.jeunessesmusicales.be\/namur\/wp-json\/wp\/v2\/pages"}],"about":[{"href":"https:\/\/www.jeunessesmusicales.be\/namur\/wp-json\/wp\/v2\/types\/page"}],"author":[{"embeddable":true,"href":"https:\/\/www.jeunessesmusicales.be\/namur\/wp-json\/wp\/v2\/users\/2"}],"replies":[{"embeddable":true,"href":"https:\/\/www.jeunessesmusicales.be\/namur\/wp-json\/wp\/v2\/comments?post=49"}],"version-history":[{"count":26,"href":"https:\/\/www.jeunessesmusicales.be\/namur\/wp-json\/wp\/v2\/pages\/49\/revisions"}],"predecessor-version":[{"id":301,"href":"https:\/\/www.jeunessesmusicales.be\/namur\/wp-json\/wp\/v2\/pages\/49\/revisions\/301"}],"up":[{"embeddable":true,"href":"https:\/\/www.jeunessesmusicales.be\/namur\/wp-json\/wp\/v2\/pages\/45"}],"wp:attachment":[{"href":"https:\/\/www.jeunessesmusicales.be\/namur\/wp-json\/wp\/v2\/media?parent=49"}],"curies":[{"name":"wp","href":"https:\/\/api.w.org\/{rel}","templated":true}]}}