{"id":34,"date":"2015-11-03T14:43:08","date_gmt":"2015-11-03T13:43:08","guid":{"rendered":"http:\/\/www.jeunessesmusicales.be\/walloniepicarde\/?page_id=34"},"modified":"2025-09-30T10:18:52","modified_gmt":"2025-09-30T08:18:52","slug":"ateliers-a-lecole","status":"publish","type":"page","link":"https:\/\/www.jeunessesmusicales.be\/walloniepicarde\/activites-a-lecole\/ateliers-a-lecole\/","title":{"rendered":"Ateliers musicaux"},"content":{"rendered":"<div class=\"texte tarticle surlignable\">\n<h2 style=\"text-align: center;\"><span style=\"color: #ef3740;\"><strong>Nos ateliers musicaux<\/strong><\/span><\/h2>\n<p>Nous vous proposons des ateliers au contenu vari\u00e9, adapt\u00e9 et attrayant au sein-m\u00eame de votre \u00e9cole. Adapt\u00e9e \u00e0 l&rsquo;\u00e2ge et \u00e0 la personnalit\u00e9 de vos \u00e9l\u00e8ves, notre action s&rsquo;articule en compl\u00e9mentarit\u00e9 avec les programmes scolaires. Pour ce faire, un dossier p\u00e9dagogique accompagne chaque module.<\/p>\n<p>Nos musiciens, animateurs, apportent leurs sp\u00e9cificit\u00e9s et leur savoir-faire dans la classe. Leur formation continue, leur exp\u00e9rience, leur cr\u00e9ativit\u00e9, permettent de proposer un travail de qualit\u00e9.<\/p>\n<p>Lors de ces ateliers, vous pourrez partager avec vos \u00e9l\u00e8ves, de fa\u00e7on ludique, \u00a0la d\u00e9couverte de la musique par le biais de chants, de jeux d&rsquo;\u00e9coute, de rythme, de danses, de mouvements et de manipulations d&rsquo;instruments. De nombreuses th\u00e9matiques sont aussi propos\u00e9es afin de vous faire voyager&#8230;.<\/p>\n<p>Et pourquoi ne pas cr\u00e9er votre chanson et l&rsquo;enregistrer ? Ou encore cr\u00e9er votre spectacle pour la f\u00eate scolaire ?<\/p>\n<p>Retrouvez tous nos ateliers ici : <span style=\"color: #ef3740;\"><strong><a style=\"color: #ef3740;\" href=\"https:\/\/www.jeunessesmusicales.be\/walloniepicarde\/wp-content\/uploads\/sites\/9\/2025\/09\/Catalogue-animations-JM-WAPI-low-2.pdf\">Ateliers Scolaire 25-26<\/a><\/strong><\/span><\/p>\n<h5><span style=\"color: #ef3740;\"><strong>Quels sont nos objectifs ?<\/strong><\/span><\/h5>\n<ul style=\"list-style-type: disc;\">\n<li>D\u00e9velopper les possibilit\u00e9s musicales des enfants d\u00e8s leur plus jeune \u00e2ge.<\/li>\n<li>Faciliter leur approche au monde sonore (\u00e9coute) et \u00e0 l&rsquo;expression vocale (chant).<\/li>\n<li>Accro\u00eetre leur sens artistique et leurs potentialit\u00e9s sensorielles.<\/li>\n<li>Stimuler leur cr\u00e9ativit\u00e9, leur imagination par des activit\u00e9s centr\u00e9es sur le jeu, l&rsquo;exp\u00e9rimentation, l&rsquo;invention.<\/li>\n<li>Permettre aux enseignant(e)s de vivre activement un moment musical avec leurs \u00e9l\u00e8ves, et selon leur volont\u00e9, avoir acc\u00e8s \u00e0 une formation continue compl\u00e9mentaire.<\/li>\n<li>R\u00e9pondre conform\u00e9ment et activement aux attendus du PECA pour une int\u00e9gration parfaite de notre action dans votre programmation des apprentissages.<\/li>\n<\/ul>\n<h5><span style=\"color: #ef3740;\"><strong>Modalit\u00e9s ateliers<\/strong><\/span><\/h5>\n<p>Nos animateurs se d\u00e9placent au sein de vos \u00e9coles. Tout le mat\u00e9riel n\u00e9cessaire aux activit\u00e9s est fourni par les Jeunesses Musicales.<\/p>\n<p>1 module = 6 s\u00e9ances de 50 minutes. Chaque module est reparti sur 6 semaines cons\u00e9cutives \u00e0 raison d&rsquo;une s\u00e9ance par semaine et par classe.<\/p>\n<h5><span style=\"color: #ef3740;\"><strong>Conditions\u00a0<\/strong><\/span><\/h5>\n<ul style=\"list-style-type: disc;\">\n<li>Nos intervenants se d\u00e9placent au sein de vos \u00e9coles. Tout le mat\u00e9riel n\u00e9cessaire aux activit\u00e9s est fourni par les Jeunesses Musicales.<\/li>\n<li>Pour r\u00e9server des ateliers, il faut un minimum de deux classes participantes. Vous pouvez choisir des modules sous r\u00e9serve d&rsquo;acceptation, en fonction de la disponibilit\u00e9 de l&rsquo;intervenant.<\/li>\n<li>Pour garantir la qualit\u00e9 de nos interventions, le nombre maximum d&rsquo;enfants par classe est fix\u00e9 \u00e0 25.<\/li>\n<li>Un local calme qui permet une \u00e9coute et un travail musical sereins et adapt\u00e9 en fonction du module choisi (exemple : local spacieux pour le module de danse), sera mis \u00e0 disposition par l&rsquo;\u00e9tablissement demandeur.<\/li>\n<li>Afin de garantir une \u00e9coute maximale et pour des raisons de s\u00e9curit\u00e9, il est demand\u00e9 \u00e0 l&rsquo;enseignant d&rsquo;\u00eatre pr\u00e9sent lors de l&rsquo;activit\u00e9.<\/li>\n<li>Afin de garantir la protection des droits d&rsquo;auteur, nous demandons de ne pas faire d&rsquo;enregistrement sonore et vid\u00e9o lors des ateliers (sauf accord de l&rsquo;intervenant).<\/li>\n<li>Afin de toujours r\u00e9pondre aux attentes des enseignants et des enfants, un questionnaire de satisfaction sera transmis en fin de module.<\/li>\n<\/ul>\n<h5><span style=\"color: #ef3740;\"><strong>Tarifs\u00a0<\/strong><\/span><\/h5>\n<p class=\"cvGsUA direction-ltr align-center para-style-body\"><span class=\"OYPEnA text-decoration-none text-strikethrough-none\">Module 1 \u00e0 10 :<br \/>\n<\/span><span class=\"OYPEnA text-decoration-none text-strikethrough-none\">Chaque module se d\u00e9roule en 6 s\u00e9ances<br \/>\n<\/span><span class=\"OYPEnA text-decoration-none text-strikethrough-none\">Le tarif est de <\/span><span class=\"OYPEnA text-decoration-none text-strikethrough-none\">45 euros<\/span> <span class=\"OYPEnA text-decoration-none text-strikethrough-none\">par s\u00e9ance<\/span><\/p>\n<p class=\"cvGsUA direction-ltr align-center para-style-body\"><span class=\"OYPEnA text-decoration-none text-strikethrough-none\">Module 11 :<br \/>\n<\/span><span class=\"OYPEnA text-decoration-none text-strikethrough-none\">Ce module comprend :<br \/>\n<\/span><span class=\"OYPEnA text-decoration-none text-strikethrough-none\">1 entretien pr\u00e9alable entre l\u2019intervenant et l\u2019enseignant<br \/>\n<\/span><span class=\"OYPEnA text-decoration-none text-strikethrough-none\">6 s\u00e9ances de pr\u00e9paration \u00e0 la f\u00eate<br \/>\n<\/span><span class=\"OYPEnA text-decoration-none text-strikethrough-none\">1 r\u00e9p\u00e9tition g\u00e9n\u00e9rale<br \/>\n<\/span><span class=\"OYPEnA text-decoration-none text-strikethrough-none\">La pr\u00e9sence de l\u2019intervenant le jour de la f\u00eate<br \/>\n<\/span><span class=\"OYPEnA text-decoration-none text-strikethrough-none\">Le tarif est de\u00a0<\/span><span class=\"OYPEnA text-decoration-none text-strikethrough-none\">410 euros<\/span><\/p>\n<p><a href=\"https:\/\/www.jeunessesmusicales.be\/walloniepicarde\/bon-de-commande-modules-ateliers\/\">Bon de commande en ligne : Modules ateliers<\/a><\/p>\n<p>Brochure scolaire \u00e0 t\u00e9l\u00e9charger en version PDF : <a href=\"https:\/\/www.jeunessesmusicales.be\/walloniepicarde\/wp-content\/uploads\/sites\/9\/2025\/07\/BROCHURE-SCOLAIRE-2025-2026.pdf\">Brochure Scolaire 2025-2026<\/a><\/p>\n<\/div>\n<div class=\"texte tarticle surlignable\">\n<p>Informations et r\u00e9servations : \u00a0jmho@jeunessesmusicales.be &#8211; 069\/354.328<\/p>\n<\/div>\n<p>&nbsp;<\/p>\n<p>&nbsp;<\/p>\n<div class=\"texte tarticle surlignable\"><\/div>\n","protected":false},"excerpt":{"rendered":"<p>Nos ateliers musicaux Nous vous proposons des ateliers au contenu vari\u00e9, adapt\u00e9 et attrayant au sein-m\u00eame de votre \u00e9cole. Adapt\u00e9e &hellip; <a href=\"https:\/\/www.jeunessesmusicales.be\/walloniepicarde\/activites-a-lecole\/ateliers-a-lecole\/\" class=\"more-link\">Continue reading <span class=\"screen-reader-text\">Ateliers musicaux<\/span><\/a><\/p>\n","protected":false},"author":3,"featured_media":0,"parent":32,"menu_order":0,"comment_status":"closed","ping_status":"closed","template":"","meta":{"_acf_changed":false,"footnotes":""},"class_list":["post-34","page","type-page","status-publish","hentry"],"acf":[],"_links":{"self":[{"href":"https:\/\/www.jeunessesmusicales.be\/walloniepicarde\/wp-json\/wp\/v2\/pages\/34","targetHints":{"allow":["GET"]}}],"collection":[{"href":"https:\/\/www.jeunessesmusicales.be\/walloniepicarde\/wp-json\/wp\/v2\/pages"}],"about":[{"href":"https:\/\/www.jeunessesmusicales.be\/walloniepicarde\/wp-json\/wp\/v2\/types\/page"}],"author":[{"embeddable":true,"href":"https:\/\/www.jeunessesmusicales.be\/walloniepicarde\/wp-json\/wp\/v2\/users\/3"}],"replies":[{"embeddable":true,"href":"https:\/\/www.jeunessesmusicales.be\/walloniepicarde\/wp-json\/wp\/v2\/comments?post=34"}],"version-history":[{"count":42,"href":"https:\/\/www.jeunessesmusicales.be\/walloniepicarde\/wp-json\/wp\/v2\/pages\/34\/revisions"}],"predecessor-version":[{"id":2944,"href":"https:\/\/www.jeunessesmusicales.be\/walloniepicarde\/wp-json\/wp\/v2\/pages\/34\/revisions\/2944"}],"up":[{"embeddable":true,"href":"https:\/\/www.jeunessesmusicales.be\/walloniepicarde\/wp-json\/wp\/v2\/pages\/32"}],"wp:attachment":[{"href":"https:\/\/www.jeunessesmusicales.be\/walloniepicarde\/wp-json\/wp\/v2\/media?parent=34"}],"curies":[{"name":"wp","href":"https:\/\/api.w.org\/{rel}","templated":true}]}}