{"id":50,"date":"2015-11-03T14:45:02","date_gmt":"2015-11-03T13:45:02","guid":{"rendered":"http:\/\/www.jeunessesmusicales.be\/walloniepicarde\/?page_id=50"},"modified":"2025-07-10T12:33:37","modified_gmt":"2025-07-10T10:33:37","slug":"formations","status":"publish","type":"page","link":"https:\/\/www.jeunessesmusicales.be\/walloniepicarde\/activites-a-lecole\/ateliers-a-lecole\/formations\/","title":{"rendered":"Formations enseignants"},"content":{"rendered":"<p>&nbsp;<\/p>\n<h3 style=\"text-align: center;\"><span style=\"color: #ef3740;\"><strong>Les formations enseignants : un outil \u00e0 long terme pour votre \u00e9cole !<\/strong><\/span><\/h3>\n<p style=\"text-align: center;\">Nos animateurs se d\u00e9placent directement dans votre \u00e9cole pour assurer la formation des enseignants.<br \/>\nIls apportent avec eux une riche exp\u00e9rience et une multitude de ressources p\u00e9dagogiques<br \/>\npour garantir une session de formation enrichissante et pratique<\/p>\n<p style=\"text-align: center;\"><a href=\"https:\/\/www.jeunessesmusicales.be\/walloniepicarde\/wp-content\/uploads\/sites\/9\/2024\/07\/Formations-ts-24-25.pdf\">Formations enseignants 25-26<\/a> &#8211; <a href=\"https:\/\/www.jeunessesmusicales.be\/walloniepicarde\/wp-content\/uploads\/sites\/9\/2025\/07\/BROCHURE-SCOLAIRE-2025-2026.pdf\">Brochure Scolaire 25-26<\/a><br \/>\n<a href=\"https:\/\/www.jeunessesmusicales.be\/walloniepicarde\/wp-content\/uploads\/sites\/9\/2025\/07\/Brochure-Secondaire-25-26.pdf\">Brochure Scolaire Secondaire<\/a><\/p>\n<p class=\"cvGsUA direction-ltr align-center para-style-body\" style=\"text-align: left;\"><strong><span class=\"OYPEnA text-decoration-none text-strikethrough-none\">QUELS SONT NOS OBJECTIFS ?<\/span><\/strong><\/p>\n<ul>\n<li style=\"text-align: left;\"><span class=\"OYPEnA text-decoration-none text-strikethrough-none\">Partager nos pratiques et notre savoir-faire.<\/span><\/li>\n<li style=\"text-align: left;\"><span class=\"OYPEnA text-decoration-none text-strikethrough-none\">Vivre des activit\u00e9s ludiques et p\u00e9dagogiques pour pratiquer l&rsquo;\u00e9veil musical.<\/span><\/li>\n<li style=\"text-align: left;\"><span class=\"OYPEnA text-decoration-none text-strikethrough-none\">Transmettre un r\u00e9pertoire vari\u00e9 de comptines et de chants.<\/span><\/li>\n<li style=\"text-align: left;\"><span class=\"OYPEnA text-decoration-none text-strikethrough-none\">Sensibiliser \u00e0 diff\u00e9rentes cultures et genres musicaux.<\/span><\/li>\n<li style=\"text-align: left;\"><span class=\"OYPEnA text-decoration-none text-strikethrough-none\">Faire d\u00e9couvrir une palette d&rsquo;instruments de percussions \u00e0 utiliser facilement avec vos \u00e9l\u00e8ves.<\/span><\/li>\n<li style=\"text-align: left;\"><span class=\"OYPEnA text-decoration-none text-strikethrough-none\">Faire prendre conscience que le corps et la voix sont aussi de v\u00e9ritables instruments.<\/span><\/li>\n<\/ul>\n<h5><strong>Formations :<\/strong><\/h5>\n<p><span style=\"color: #ef3740;\"><strong>1. Vous avez dit PECA?<\/strong><\/span><\/p>\n<p><strong><em>La formation est \u00e0 destination de l&rsquo;enseignement maternel et primaire.<\/em><\/strong><\/p>\n<p><span class=\"OYPEnA text-decoration-none text-strikethrough-none\">Les Jeunesses Musicales (JM) sont votre partenaire privil\u00e9gi\u00e9 pour tout ce qui concerne le \u00ab PECA &#8211; Expression Musicale \u00bb.<br \/>\nSi vous souhaitez int\u00e9grer facilement des activit\u00e9s musicales r\u00e9pondant aux crit\u00e8res du Parcours Educatif Culturel et Artistique<\/span><span class=\"OYPEnA text-decoration-none text-strikethrough-none\"> dans votre classe,<br \/>\nfaites appel \u00e0 nous.Nous proposons une formation d&rsquo;une journ\u00e9e qui inclut une partie th\u00e9orique (vocabulaire, etc.), ainsi que<br \/>\ndes exercices pratiques et des mises en situation pour une application concr\u00e8te.<\/span><\/p>\n<p style=\"text-align: left;\"><strong><span style=\"color: #ef3740;\">\u00a0 \u00a0 \u00a0 2. Musique et petite enfance<\/span><\/strong><\/p>\n<p style=\"text-align: left;\"><strong><em>La formation est \u00e0 destination de cr\u00e8ches et de l&rsquo;enseignement maternel.<\/em><\/strong><\/p>\n<p class=\"p1\"><span class=\"OYPEnA text-decoration-none text-strikethrough-none\">D\u00e9couvrez comment la musique peut accompagner le d\u00e9veloppement du jeune enfant et am\u00e9liorer la qualit\u00e9 de ses relations.<br \/>\nCette formation vous offre divers moyens et techniques pour instaurer un \u00e9veil sonore et musical adapt\u00e9 aux tout-petits.<\/span><\/p>\n<p><strong><span style=\"color: #ef3740;\">\u00a0 \u00a0 \u00a0 3. Eveil musical<\/span><\/strong><\/p>\n<p><strong><em>La formation est \u00e0 destination de l&rsquo;enseignement maternel et primaire.<\/em><\/strong><\/p>\n<p class=\"p1\">L<\/p>\n<p class=\"cvGsUA direction-ltr align-start para-style-body\"><span class=\"OYPEnA text-decoration-none text-strikethrough-none\">Utiliser la musique comme moyen d&rsquo;apprentissage n&rsquo;est pas toujours \u00e9vident, surtout si l&rsquo;on n&rsquo;est pas musicien averti ou que l&rsquo;on ne dispose pas d&rsquo;instruments sophistiqu\u00e9s.\u00a0<\/span><span class=\"OYPEnA text-decoration-none text-strikethrough-none\">Gr\u00e2ce \u00e0 cette formation, vous pourrez int\u00e9grer la musique dans votre classe.<br \/>\nD\u00e9couvrez un r\u00e9pertoire de comptines, jeux de doigts, chants, jeux de rythmes, danses, et bien plus encore. Vous serez \u00e9quip\u00e9(e) pour<br \/>\nfaire de la musique une partie int\u00e9grante du quotidien de vos \u00e9l\u00e8ves.<\/span><\/p>\n<p><span style=\"color: #ef3740;\"><strong>\u00a0 \u00a0 \u00a04<\/strong><\/span><span style=\"color: #ef3740;\"><strong>. Rythmes de base \u00e0 d\u00e9velopper en classe<\/strong><\/span><\/p>\n<p><em><strong>La formation est \u00e0 destination de l&rsquo;enseignement primaire.<\/strong><\/em><\/p>\n<p class=\"cvGsUA direction-ltr align-start para-style-body\"><span class=\"OYPEnA text-decoration-none text-strikethrough-none\">Le rythme est profond\u00e9ment ancr\u00e9 dans notre physiologie et consid\u00e9r\u00e9 comme une expression primordiale de notre \u00eatre.<br \/>\n<\/span><span class=\"OYPEnA text-decoration-none text-strikethrough-none\">C&rsquo;est \u00e9galement un moyen puissant pour connecter les enfants \u00e0 diverses cultures et genres musicaux.<\/span><span class=\"OYPEnA text-decoration-none text-strikethrough-none\">Cette formation<br \/>\nvous permettra d&rsquo;introduire des activit\u00e9s rythmiques en classe, en utilisant divers instruments tels que petites percussions,<br \/>\ndjemb\u00e9 et percussions corporelles.<\/span><\/p>\n<p><span style=\"color: #ef3740;\"><strong>\u00a0 \u00a0 \u00a05. Rythmes africains<\/strong><\/span><\/p>\n<p><em><strong>La formation est \u00e0 destination de l&rsquo;enseignement maternel et primaire.<\/strong><\/em><\/p>\n<p class=\"cvGsUA direction-ltr align-justify para-style-body\"><span class=\"OYPEnA text-decoration-none text-strikethrough-none\">Cette formation vous invite \u00e0 explorer les richesses musicales du continent africain.<br \/>\nVous d\u00e9couvrirez et manipulerez des instruments traditionnels tels que le djemb\u00e9.<br \/>\n<\/span><span class=\"OYPEnA text-decoration-none text-strikethrough-none\">\u00c0 partir de rythmes traditionnels, vous participerez \u00e0 des jeux rythmiques et vocaux con\u00e7us pour d\u00e9velopper l&rsquo;\u00e9coute,<br \/>\nl&rsquo;observation, la m\u00e9moire, la concentration et le travail de groupe au sein de votre classe.<\/span><\/p>\n<h5><strong>Modalit\u00e9s :<\/strong><\/h5>\n<ul style=\"list-style-type: disc;\">\n<li>\n<p class=\"cvGsUA direction-ltr align-center para-style-body\">Nombre maximum d&rsquo;enseignants : 25<\/p>\n<\/li>\n<li>\n<p class=\"cvGsUA direction-ltr align-center para-style-body\">Local calme qui permet une \u00e9coute et un travail musical sereins.<\/p>\n<\/li>\n<li>\n<p class=\"cvGsUA direction-ltr align-center para-style-body\">Interdiction de faire des enregistrements sonores et vid\u00e9os (sauf accord de l&rsquo;intervenant) dans le cadre de la protection des droits d&rsquo;auteur.<\/p>\n<\/li>\n<\/ul>\n<p><strong><span style=\"color: #ef3740;\">Nous restons \u00e0 l&rsquo;\u00e9coute de vos attentes et de vos souhaits.<\/span><\/strong><\/p>\n<h5><strong>Tarifs :<\/strong><\/h5>\n<p>195 \u20ac : demi-journ\u00e9e (3h) \/ 390\u20ac : la journ\u00e9e (6h)<\/p>\n<p><a href=\"https:\/\/www.jeunessesmusicales.be\/walloniepicarde\/formation-enseignants\/\"><span style=\"color: #ef3740;\"><strong>Bon de commande en ligne<\/strong><\/span><\/a><\/p>\n<p>Informations et r\u00e9servations : O69\/354.328 ou par mail jmho@jeunessesmusicales.be<\/p>\n<p>&nbsp;<\/p>\n","protected":false},"excerpt":{"rendered":"<p>&nbsp; Les formations enseignants : un outil \u00e0 long terme pour votre \u00e9cole ! Nos animateurs se d\u00e9placent directement dans &hellip; <a href=\"https:\/\/www.jeunessesmusicales.be\/walloniepicarde\/activites-a-lecole\/ateliers-a-lecole\/formations\/\" class=\"more-link\">Continue reading <span class=\"screen-reader-text\">Formations enseignants<\/span><\/a><\/p>\n","protected":false},"author":3,"featured_media":0,"parent":34,"menu_order":0,"comment_status":"closed","ping_status":"closed","template":"","meta":{"_acf_changed":false,"footnotes":""},"class_list":["post-50","page","type-page","status-publish","hentry"],"acf":[],"_links":{"self":[{"href":"https:\/\/www.jeunessesmusicales.be\/walloniepicarde\/wp-json\/wp\/v2\/pages\/50","targetHints":{"allow":["GET"]}}],"collection":[{"href":"https:\/\/www.jeunessesmusicales.be\/walloniepicarde\/wp-json\/wp\/v2\/pages"}],"about":[{"href":"https:\/\/www.jeunessesmusicales.be\/walloniepicarde\/wp-json\/wp\/v2\/types\/page"}],"author":[{"embeddable":true,"href":"https:\/\/www.jeunessesmusicales.be\/walloniepicarde\/wp-json\/wp\/v2\/users\/3"}],"replies":[{"embeddable":true,"href":"https:\/\/www.jeunessesmusicales.be\/walloniepicarde\/wp-json\/wp\/v2\/comments?post=50"}],"version-history":[{"count":26,"href":"https:\/\/www.jeunessesmusicales.be\/walloniepicarde\/wp-json\/wp\/v2\/pages\/50\/revisions"}],"predecessor-version":[{"id":2913,"href":"https:\/\/www.jeunessesmusicales.be\/walloniepicarde\/wp-json\/wp\/v2\/pages\/50\/revisions\/2913"}],"up":[{"embeddable":true,"href":"https:\/\/www.jeunessesmusicales.be\/walloniepicarde\/wp-json\/wp\/v2\/pages\/34"}],"wp:attachment":[{"href":"https:\/\/www.jeunessesmusicales.be\/walloniepicarde\/wp-json\/wp\/v2\/media?parent=50"}],"curies":[{"name":"wp","href":"https:\/\/api.w.org\/{rel}","templated":true}]}}